{"id":19911,"date":"2023-10-11T11:15:32","date_gmt":"2023-10-11T09:15:32","guid":{"rendered":"https:\/\/cardonaturisme.cat\/?post_type=activitats&#038;p=19911"},"modified":"2025-10-16T13:58:14","modified_gmt":"2025-10-16T11:58:14","slug":"la-casa-dels-gegants","status":"publish","type":"activitats","link":"https:\/\/cardonaturisme.cat\/fr\/activitats\/la-casa-dels-gegants\/","title":{"rendered":"La Casa dels Gegants"},"content":{"rendered":"\n<p><strong>Nou espai muse\u00eftzat que cont\u00e9 peces d\u2019imatgeria festiva, vestits i objectes que representen la festa centen\u00e0ria de la vila i les seves tradicions m\u00e9s singulars com la Festa Major, el Corpus i la Capvuitada.<\/strong><\/p>\n\n\n\n<p>En aquest espai es poden contemplar els gegants de Cardona i dels seus barris, acompanyats de plafons explicatius. L\u2019exposici\u00f3 inclou peces \u00faniques, com els nans originals del barri del Mercat, els gegants originals del carrer Major i del barri de la Fira, aix\u00ed com les seves r\u00e8pliques, juntament amb els gegants del barri de Sant Miquel, el gegant Sabater Fraret, l\u2019Avi Miquel i els gegants del barri Nou.<\/p>\n\n\n\n<p>Tamb\u00e9 hi trobareu l\u2019<strong><a href=\"https:\/\/ca.wikipedia.org\/wiki\/%C3%80liga_de_Cardona\">\u00c0liga de Cardona<\/a><\/strong>, que nom\u00e9s balla a l\u2019esgl\u00e9sia durant la Festa Major. Just al costat, un espai dedicat al <strong>Corre de bou<\/strong> permet con\u00e8ixer la tradicional <strong><em>cargolera<\/em><\/strong>, i el <strong><a href=\"https:\/\/ca.wikipedia.org\/wiki\/Ball_de_bastons_de_Cardona\">Ball de Bastons<\/a><\/strong>, amb un dels vestits m\u00e9s singulars.<\/p>\n\n\n\n<p>L\u2019equipament es completa amb una segona sala dedicada al proc\u00e9s de creaci\u00f3 d\u2019un gegant, amb un audiovisual i una exposici\u00f3 a c\u00e0rrec del mestre geganter <strong>Toni Mujal<\/strong>, autor de gran part de la imatgeria cardonina amb m\u00e9s de 40 anys de traject\u00f2ria.<\/p>\n\n\n\n<h4 class=\"wp-block-heading\"><strong>Horaris<\/strong>:<\/h4>\n\n\n\n<ul class=\"wp-block-list\">\n<li>Dissabte i diumenge de 11h a 14h<\/li>\n<\/ul>\n\n\n\n<h4 class=\"wp-block-heading\"><strong>Preu<\/strong><\/h4>\n\n\n\n<ul class=\"wp-block-list\">\n<li>L&rsquo;entrada \u00e9s gratu\u00efta<\/li>\n<\/ul>\n\n\n\n<h4 class=\"wp-block-heading\"><strong>Conv\u00e9 saber\u2026<\/strong><\/h4>\n\n\n\n<p>Si la visita es realitza fora dels horaris establerts, hi ha un interruptor situat a l\u2019exterior que permet il\u00b7luminar la sala i veure els gegants des de fora.<\/p>\n\n\n\n<p>Actualment no hi ha cap cartell a la fa\u00e7ana que indiqui l\u2019entrada. Aquesta es troba al carrer que va de la <a href=\"https:\/\/maps.app.goo.gl\/GC7C4moVrTcGA4JK6\">Pla\u00e7a del Vall <\/a>fins la cantonada amb el <a href=\"https:\/\/maps.app.goo.gl\/GC7C4moVrTcGA4JK6\">Carrer Dr. Merli.<\/a><\/p>\n\n\n\n<p><\/p>\n","protected":false},"featured_media":19864,"parent":0,"template":"","public-categoria":[165],"visitant":[179],"class_list":["post-19911","activitats","type-activitats","status-publish","has-post-thumbnail","hentry","public-categoria-centre-historique","visitant-famille"],"acf":[],"yoast_head":"<!-- This site is optimized with the Yoast SEO plugin v27.4 - https:\/\/yoast.com\/product\/yoast-seo-wordpress\/ -->\n<title>La Casa dels Gegants - Cardona Turisme<\/title>\n<meta name=\"description\" content=\"Nou espai muse\u00eftzat que cont\u00e9 peces d\u2019imatgeria festiva, vestits i objectes que representen la festa centen\u00e0ria de la vila i les seves tradicions m\u00e9s singulars com la Festa Major, el Corpus i la Capvuitada.\" \/>\n<meta name=\"robots\" content=\"index, follow, max-snippet:-1, max-image-preview:large, max-video-preview:-1\" \/>\n<link rel=\"canonical\" href=\"https:\/\/cardonaturisme.cat\/fr\/activitats\/la-casa-dels-gegants\/\" \/>\n<meta property=\"og:locale\" content=\"fr_FR\" \/>\n<meta property=\"og:type\" content=\"article\" \/>\n<meta property=\"og:title\" content=\"La Casa dels Gegants - Cardona Turisme\" \/>\n<meta property=\"og:description\" content=\"Nou espai muse\u00eftzat que cont\u00e9 peces d\u2019imatgeria festiva, vestits i objectes que representen la festa centen\u00e0ria de la vila i les seves tradicions m\u00e9s singulars com la Festa Major, el Corpus i la Capvuitada.\" \/>\n<meta property=\"og:url\" content=\"https:\/\/cardonaturisme.cat\/fr\/activitats\/la-casa-dels-gegants\/\" \/>\n<meta property=\"og:site_name\" content=\"Cardona Turisme\" \/>\n<meta property=\"article:publisher\" content=\"https:\/\/www.facebook.com\/p\/Fundaci-Cardona-Histrica-100063704192069\/\" \/>\n<meta property=\"article:modified_time\" content=\"2025-10-16T11:58:14+00:00\" \/>\n<meta property=\"og:image\" content=\"https:\/\/cardonaturisme.cat\/wp-content\/uploads\/2025\/08\/inauguracio-casa-gegants-7-1024x683.jpg\" \/>\n\t<meta property=\"og:image:width\" content=\"1024\" \/>\n\t<meta property=\"og:image:height\" content=\"683\" \/>\n\t<meta property=\"og:image:type\" content=\"image\/jpeg\" \/>\n<meta name=\"twitter:card\" content=\"summary_large_image\" \/>\n<meta name=\"twitter:site\" content=\"@cardonaturisme\" \/>\n<meta name=\"twitter:label1\" content=\"Dur\u00e9e de lecture estim\u00e9e\" \/>\n\t<meta name=\"twitter:data1\" content=\"2 minutes\" \/>\n<script type=\"application\/ld+json\" class=\"yoast-schema-graph\">{\"@context\":\"https:\\\/\\\/schema.org\",\"@graph\":[{\"@type\":\"WebPage\",\"@id\":\"https:\\\/\\\/cardonaturisme.cat\\\/fr\\\/activitats\\\/la-casa-dels-gegants\\\/\",\"url\":\"https:\\\/\\\/cardonaturisme.cat\\\/fr\\\/activitats\\\/la-casa-dels-gegants\\\/\",\"name\":\"La Casa dels Gegants - Cardona Turisme\",\"isPartOf\":{\"@id\":\"https:\\\/\\\/cardonaturisme.cat\\\/fr\\\/#website\"},\"primaryImageOfPage\":{\"@id\":\"https:\\\/\\\/cardonaturisme.cat\\\/fr\\\/activitats\\\/la-casa-dels-gegants\\\/#primaryimage\"},\"image\":{\"@id\":\"https:\\\/\\\/cardonaturisme.cat\\\/fr\\\/activitats\\\/la-casa-dels-gegants\\\/#primaryimage\"},\"thumbnailUrl\":\"https:\\\/\\\/cardonaturisme.cat\\\/wp-content\\\/uploads\\\/2025\\\/08\\\/inauguracio-casa-gegants-7.jpg\",\"datePublished\":\"2023-10-11T09:15:32+00:00\",\"dateModified\":\"2025-10-16T11:58:14+00:00\",\"description\":\"Nou espai muse\u00eftzat que cont\u00e9 peces d\u2019imatgeria festiva, vestits i objectes que representen la festa centen\u00e0ria de la vila i les seves tradicions m\u00e9s singulars com la Festa Major, el Corpus i la Capvuitada.\",\"breadcrumb\":{\"@id\":\"https:\\\/\\\/cardonaturisme.cat\\\/fr\\\/activitats\\\/la-casa-dels-gegants\\\/#breadcrumb\"},\"inLanguage\":\"fr-FR\",\"potentialAction\":[{\"@type\":\"ReadAction\",\"target\":[\"https:\\\/\\\/cardonaturisme.cat\\\/fr\\\/activitats\\\/la-casa-dels-gegants\\\/\"]}]},{\"@type\":\"ImageObject\",\"inLanguage\":\"fr-FR\",\"@id\":\"https:\\\/\\\/cardonaturisme.cat\\\/fr\\\/activitats\\\/la-casa-dels-gegants\\\/#primaryimage\",\"url\":\"https:\\\/\\\/cardonaturisme.cat\\\/wp-content\\\/uploads\\\/2025\\\/08\\\/inauguracio-casa-gegants-7.jpg\",\"contentUrl\":\"https:\\\/\\\/cardonaturisme.cat\\\/wp-content\\\/uploads\\\/2025\\\/08\\\/inauguracio-casa-gegants-7.jpg\",\"width\":2500,\"height\":1667},{\"@type\":\"BreadcrumbList\",\"@id\":\"https:\\\/\\\/cardonaturisme.cat\\\/fr\\\/activitats\\\/la-casa-dels-gegants\\\/#breadcrumb\",\"itemListElement\":[{\"@type\":\"ListItem\",\"position\":1,\"name\":\"Inici\",\"item\":\"https:\\\/\\\/cardonaturisme.cat\\\/fr\\\/\"},{\"@type\":\"ListItem\",\"position\":2,\"name\":\"Activitats\",\"item\":\"https:\\\/\\\/cardonaturisme.cat\\\/fr\\\/activitats\\\/\"},{\"@type\":\"ListItem\",\"position\":3,\"name\":\"La Casa dels Gegants\"}]},{\"@type\":\"WebSite\",\"@id\":\"https:\\\/\\\/cardonaturisme.cat\\\/fr\\\/#website\",\"url\":\"https:\\\/\\\/cardonaturisme.cat\\\/fr\\\/\",\"name\":\"Cardona Turisme\",\"description\":\"La teva hist\u00f2ria\",\"publisher\":{\"@id\":\"https:\\\/\\\/cardonaturisme.cat\\\/fr\\\/#organization\"},\"potentialAction\":[{\"@type\":\"SearchAction\",\"target\":{\"@type\":\"EntryPoint\",\"urlTemplate\":\"https:\\\/\\\/cardonaturisme.cat\\\/fr\\\/?s={search_term_string}\"},\"query-input\":{\"@type\":\"PropertyValueSpecification\",\"valueRequired\":true,\"valueName\":\"search_term_string\"}}],\"inLanguage\":\"fr-FR\"},{\"@type\":\"Organization\",\"@id\":\"https:\\\/\\\/cardonaturisme.cat\\\/fr\\\/#organization\",\"name\":\"Cardona Turisme\",\"url\":\"https:\\\/\\\/cardonaturisme.cat\\\/fr\\\/\",\"logo\":{\"@type\":\"ImageObject\",\"inLanguage\":\"fr-FR\",\"@id\":\"https:\\\/\\\/cardonaturisme.cat\\\/fr\\\/#\\\/schema\\\/logo\\\/image\\\/\",\"url\":\"https:\\\/\\\/cardonaturisme.cat\\\/wp-content\\\/uploads\\\/2023\\\/10\\\/logo-vermell-cardonaturisme.svg\",\"contentUrl\":\"https:\\\/\\\/cardonaturisme.cat\\\/wp-content\\\/uploads\\\/2023\\\/10\\\/logo-vermell-cardonaturisme.svg\",\"caption\":\"Cardona Turisme\"},\"image\":{\"@id\":\"https:\\\/\\\/cardonaturisme.cat\\\/fr\\\/#\\\/schema\\\/logo\\\/image\\\/\"},\"sameAs\":[\"https:\\\/\\\/www.facebook.com\\\/p\\\/Fundaci-Cardona-Histrica-100063704192069\\\/\",\"https:\\\/\\\/x.com\\\/cardonaturisme\"]}]}<\/script>\n<!-- \/ Yoast SEO plugin. -->","yoast_head_json":{"title":"La Casa dels Gegants - Cardona Turisme","description":"Nou espai muse\u00eftzat que cont\u00e9 peces d\u2019imatgeria festiva, vestits i objectes que representen la festa centen\u00e0ria de la vila i les seves tradicions m\u00e9s singulars com la Festa Major, el Corpus i la Capvuitada.","robots":{"index":"index","follow":"follow","max-snippet":"max-snippet:-1","max-image-preview":"max-image-preview:large","max-video-preview":"max-video-preview:-1"},"canonical":"https:\/\/cardonaturisme.cat\/fr\/activitats\/la-casa-dels-gegants\/","og_locale":"fr_FR","og_type":"article","og_title":"La Casa dels Gegants - Cardona Turisme","og_description":"Nou espai muse\u00eftzat que cont\u00e9 peces d\u2019imatgeria festiva, vestits i objectes que representen la festa centen\u00e0ria de la vila i les seves tradicions m\u00e9s singulars com la Festa Major, el Corpus i la Capvuitada.","og_url":"https:\/\/cardonaturisme.cat\/fr\/activitats\/la-casa-dels-gegants\/","og_site_name":"Cardona Turisme","article_publisher":"https:\/\/www.facebook.com\/p\/Fundaci-Cardona-Histrica-100063704192069\/","article_modified_time":"2025-10-16T11:58:14+00:00","og_image":[{"width":1024,"height":683,"url":"https:\/\/cardonaturisme.cat\/wp-content\/uploads\/2025\/08\/inauguracio-casa-gegants-7-1024x683.jpg","type":"image\/jpeg"}],"twitter_card":"summary_large_image","twitter_site":"@cardonaturisme","twitter_misc":{"Dur\u00e9e de lecture estim\u00e9e":"2 minutes"},"schema":{"@context":"https:\/\/schema.org","@graph":[{"@type":"WebPage","@id":"https:\/\/cardonaturisme.cat\/fr\/activitats\/la-casa-dels-gegants\/","url":"https:\/\/cardonaturisme.cat\/fr\/activitats\/la-casa-dels-gegants\/","name":"La Casa dels Gegants - Cardona Turisme","isPartOf":{"@id":"https:\/\/cardonaturisme.cat\/fr\/#website"},"primaryImageOfPage":{"@id":"https:\/\/cardonaturisme.cat\/fr\/activitats\/la-casa-dels-gegants\/#primaryimage"},"image":{"@id":"https:\/\/cardonaturisme.cat\/fr\/activitats\/la-casa-dels-gegants\/#primaryimage"},"thumbnailUrl":"https:\/\/cardonaturisme.cat\/wp-content\/uploads\/2025\/08\/inauguracio-casa-gegants-7.jpg","datePublished":"2023-10-11T09:15:32+00:00","dateModified":"2025-10-16T11:58:14+00:00","description":"Nou espai muse\u00eftzat que cont\u00e9 peces d\u2019imatgeria festiva, vestits i objectes que representen la festa centen\u00e0ria de la vila i les seves tradicions m\u00e9s singulars com la Festa Major, el Corpus i la Capvuitada.","breadcrumb":{"@id":"https:\/\/cardonaturisme.cat\/fr\/activitats\/la-casa-dels-gegants\/#breadcrumb"},"inLanguage":"fr-FR","potentialAction":[{"@type":"ReadAction","target":["https:\/\/cardonaturisme.cat\/fr\/activitats\/la-casa-dels-gegants\/"]}]},{"@type":"ImageObject","inLanguage":"fr-FR","@id":"https:\/\/cardonaturisme.cat\/fr\/activitats\/la-casa-dels-gegants\/#primaryimage","url":"https:\/\/cardonaturisme.cat\/wp-content\/uploads\/2025\/08\/inauguracio-casa-gegants-7.jpg","contentUrl":"https:\/\/cardonaturisme.cat\/wp-content\/uploads\/2025\/08\/inauguracio-casa-gegants-7.jpg","width":2500,"height":1667},{"@type":"BreadcrumbList","@id":"https:\/\/cardonaturisme.cat\/fr\/activitats\/la-casa-dels-gegants\/#breadcrumb","itemListElement":[{"@type":"ListItem","position":1,"name":"Inici","item":"https:\/\/cardonaturisme.cat\/fr\/"},{"@type":"ListItem","position":2,"name":"Activitats","item":"https:\/\/cardonaturisme.cat\/fr\/activitats\/"},{"@type":"ListItem","position":3,"name":"La Casa dels Gegants"}]},{"@type":"WebSite","@id":"https:\/\/cardonaturisme.cat\/fr\/#website","url":"https:\/\/cardonaturisme.cat\/fr\/","name":"Cardona Turisme","description":"La teva hist\u00f2ria","publisher":{"@id":"https:\/\/cardonaturisme.cat\/fr\/#organization"},"potentialAction":[{"@type":"SearchAction","target":{"@type":"EntryPoint","urlTemplate":"https:\/\/cardonaturisme.cat\/fr\/?s={search_term_string}"},"query-input":{"@type":"PropertyValueSpecification","valueRequired":true,"valueName":"search_term_string"}}],"inLanguage":"fr-FR"},{"@type":"Organization","@id":"https:\/\/cardonaturisme.cat\/fr\/#organization","name":"Cardona Turisme","url":"https:\/\/cardonaturisme.cat\/fr\/","logo":{"@type":"ImageObject","inLanguage":"fr-FR","@id":"https:\/\/cardonaturisme.cat\/fr\/#\/schema\/logo\/image\/","url":"https:\/\/cardonaturisme.cat\/wp-content\/uploads\/2023\/10\/logo-vermell-cardonaturisme.svg","contentUrl":"https:\/\/cardonaturisme.cat\/wp-content\/uploads\/2023\/10\/logo-vermell-cardonaturisme.svg","caption":"Cardona Turisme"},"image":{"@id":"https:\/\/cardonaturisme.cat\/fr\/#\/schema\/logo\/image\/"},"sameAs":["https:\/\/www.facebook.com\/p\/Fundaci-Cardona-Histrica-100063704192069\/","https:\/\/x.com\/cardonaturisme"]}]}},"_links":{"self":[{"href":"https:\/\/cardonaturisme.cat\/fr\/wp-json\/wp\/v2\/activitats\/19911","targetHints":{"allow":["GET"]}}],"collection":[{"href":"https:\/\/cardonaturisme.cat\/fr\/wp-json\/wp\/v2\/activitats"}],"about":[{"href":"https:\/\/cardonaturisme.cat\/fr\/wp-json\/wp\/v2\/types\/activitats"}],"wp:featuredmedia":[{"embeddable":true,"href":"https:\/\/cardonaturisme.cat\/fr\/wp-json\/wp\/v2\/media\/19864"}],"wp:attachment":[{"href":"https:\/\/cardonaturisme.cat\/fr\/wp-json\/wp\/v2\/media?parent=19911"}],"wp:term":[{"taxonomy":"public-categoria","embeddable":true,"href":"https:\/\/cardonaturisme.cat\/fr\/wp-json\/wp\/v2\/public-categoria?post=19911"},{"taxonomy":"visitant","embeddable":true,"href":"https:\/\/cardonaturisme.cat\/fr\/wp-json\/wp\/v2\/visitant?post=19911"}],"curies":[{"name":"wp","href":"https:\/\/api.w.org\/{rel}","templated":true}]}}