{"id":16833,"date":"2023-10-12T21:40:30","date_gmt":"2023-10-12T19:40:30","guid":{"rendered":"https:\/\/cardonaturisme.cat\/?post_type=activitats&#038;p=16833"},"modified":"2025-06-30T17:02:50","modified_gmt":"2025-06-30T15:02:50","slug":"le-legendaire-pere-llampdesal","status":"publish","type":"activitats","link":"https:\/\/cardonaturisme.cat\/fr\/activitats\/le-legendaire-pere-llampdesal\/","title":{"rendered":"Le l\u00e9gendaire Pere Llampdesal"},"content":{"rendered":"\n<h4 class=\"wp-block-heading wp-embed-aspect-16-9 wp-has-aspect-ratio\">NOTA: ACTIVITAT ESGOTADA!<\/h4>\n\n\n\n<h4 class=\"wp-block-heading wp-embed-aspect-16-9 wp-has-aspect-ratio\">Qu\u00e8 \u00e9s Llampdesal?<\/h4>\n\n\n\n<p class=\"wp-embed-aspect-16-9 wp-has-aspect-ratio\"><strong>Llampdesal<\/strong>&nbsp;\u00e9s un conte, un joc i una aventura, tot en un. Tindreu a les vostres mans un pack amb un llibre il\u00b7lustrat, un mapa per orientar-vos i un llapis per combinar les diferents paraules que anireu trobant a mida que resoleu els enigmes.<\/p>\n\n\n\n<h4 class=\"wp-block-heading wp-embed-aspect-16-9 wp-has-aspect-ratio\">On ho podem trobar?<\/h4>\n\n\n\n<p class=\"wp-embed-aspect-16-9 wp-has-aspect-ratio\">Podeu trobar els packs Llampdesal als punts tur\u00edstics ( Oficina de Turisme, Centre Cardona Medieval, \u201cLa Pla\u00e7a de les Cols\u201d, Parc Cultural de la Muntanya de Sal i a les llibreries de Cardona.<\/p>\n\n\n\n<h4 class=\"wp-block-heading wp-embed-aspect-16-9 wp-has-aspect-ratio\">Ja tenim el pack. Ara qu\u00e8?<\/h4>\n\n\n\n<p class=\"wp-embed-aspect-16-9 wp-has-aspect-ratio\">Amb un m\u00f2bil o tauleta entreu a aquesta&nbsp;<a href=\"http:\/\/llampdesal.cat\/\" target=\"_blank\" rel=\"noreferrer noopener\">web<\/a>&nbsp;i podreu veure un v\u00eddeo on el mateix Pere Lampdesal us explica perqu\u00e8 est\u00e0 tancat a la masmorra del castell i qu\u00e8 heu de fer per ajudar-lo. En acabat registreu el vostre equip o fam\u00edlia i\u2026 comen\u00e7a l\u2019aventura.<\/p>\n\n\n\n<p class=\"wp-embed-aspect-16-9 wp-has-aspect-ratio\">Cerqueu el primer punt al mapa, descobriu l\u2019antic poble de Cardona i resoleu els enigmes escampats que us planteja el llibret.<\/p>\n\n\n\n<figure class=\"wp-block-embed is-type-video is-provider-youtube wp-block-embed-youtube wp-embed-aspect-16-9 wp-has-aspect-ratio\"><div class=\"wp-block-embed__wrapper\">\n<iframe title=\"Salva en Llamp de Sal\" width=\"800\" height=\"450\" src=\"https:\/\/www.youtube.com\/embed\/fTmbX85ALxg?feature=oembed\" frameborder=\"0\" allow=\"accelerometer; autoplay; clipboard-write; encrypted-media; gyroscope; picture-in-picture; web-share\" referrerpolicy=\"strict-origin-when-cross-origin\" allowfullscreen><\/iframe>\n<\/div><\/figure>\n\n\n\n<h4 class=\"wp-block-heading wp-embed-aspect-16-9 wp-has-aspect-ratio\">A quina hora podem fer-ho?<\/h4>\n\n\n\n<p class=\"wp-embed-aspect-16-9 wp-has-aspect-ratio\">A l\u2019hora que vulgueu. L\u2019experi\u00e8ncia Llampdesal no t\u00e9 horaris de cap mena i podeu comen\u00e7ar el repte quan us vagi b\u00e9.<\/p>\n\n\n\n<h4 class=\"wp-block-heading wp-embed-aspect-16-9 wp-has-aspect-ratio\">I quan acabem?<\/h4>\n\n\n\n<p class=\"wp-embed-aspect-16-9 wp-has-aspect-ratio\">Torneu a entrar a llampdesal.cat, proveu d\u2019introdu\u00efr la paraula final del cadenat, i\u2026 creueu els dits!<\/p>\n","protected":false},"featured_media":2734,"parent":0,"template":"","public-categoria":[165],"visitant":[179],"class_list":["post-16833","activitats","type-activitats","status-publish","has-post-thumbnail","hentry","public-categoria-centre-historique","visitant-famille"],"acf":[],"yoast_head":"<!-- This site is optimized with the Yoast SEO plugin v27.4 - https:\/\/yoast.com\/product\/yoast-seo-wordpress\/ -->\n<title>Le l\u00e9gendaire Pere Llampdesal - Cardona Turisme<\/title>\n<meta name=\"description\" content=\"Activit\u00e9 familiale sous forme de conte pour d\u00e9couvrir tous les myst\u00e8res de Cardona de fa\u00e7on ludique.\" \/>\n<meta name=\"robots\" content=\"index, follow, max-snippet:-1, max-image-preview:large, max-video-preview:-1\" \/>\n<link rel=\"canonical\" href=\"https:\/\/cardonaturisme.cat\/fr\/activitats\/le-legendaire-pere-llampdesal\/\" \/>\n<meta property=\"og:locale\" content=\"fr_FR\" \/>\n<meta property=\"og:type\" content=\"article\" \/>\n<meta property=\"og:title\" content=\"Le l\u00e9gendaire Pere Llampdesal - Cardona Turisme\" \/>\n<meta property=\"og:description\" content=\"Activit\u00e9 familiale sous forme de conte pour d\u00e9couvrir tous les myst\u00e8res de Cardona de fa\u00e7on ludique.\" \/>\n<meta property=\"og:url\" content=\"https:\/\/cardonaturisme.cat\/fr\/activitats\/le-legendaire-pere-llampdesal\/\" \/>\n<meta property=\"og:site_name\" content=\"Cardona Turisme\" \/>\n<meta property=\"article:publisher\" content=\"https:\/\/www.facebook.com\/p\/Fundaci-Cardona-Histrica-100063704192069\/\" \/>\n<meta property=\"article:modified_time\" content=\"2025-06-30T15:02:50+00:00\" \/>\n<meta property=\"og:image\" content=\"https:\/\/cardonaturisme.cat\/wp-content\/uploads\/2023\/10\/llamp-sal-1.jpg\" \/>\n\t<meta property=\"og:image:width\" content=\"1000\" \/>\n\t<meta property=\"og:image:height\" content=\"600\" \/>\n\t<meta property=\"og:image:type\" content=\"image\/jpeg\" \/>\n<meta name=\"twitter:card\" content=\"summary_large_image\" \/>\n<meta name=\"twitter:site\" content=\"@cardonaturisme\" \/>\n<meta name=\"twitter:label1\" content=\"Dur\u00e9e de lecture estim\u00e9e\" \/>\n\t<meta name=\"twitter:data1\" content=\"2 minutes\" \/>\n<script type=\"application\/ld+json\" class=\"yoast-schema-graph\">{\"@context\":\"https:\\\/\\\/schema.org\",\"@graph\":[{\"@type\":\"WebPage\",\"@id\":\"https:\\\/\\\/cardonaturisme.cat\\\/fr\\\/activitats\\\/le-legendaire-pere-llampdesal\\\/\",\"url\":\"https:\\\/\\\/cardonaturisme.cat\\\/fr\\\/activitats\\\/le-legendaire-pere-llampdesal\\\/\",\"name\":\"Le l\u00e9gendaire Pere Llampdesal - Cardona Turisme\",\"isPartOf\":{\"@id\":\"https:\\\/\\\/cardonaturisme.cat\\\/fr\\\/#website\"},\"primaryImageOfPage\":{\"@id\":\"https:\\\/\\\/cardonaturisme.cat\\\/fr\\\/activitats\\\/le-legendaire-pere-llampdesal\\\/#primaryimage\"},\"image\":{\"@id\":\"https:\\\/\\\/cardonaturisme.cat\\\/fr\\\/activitats\\\/le-legendaire-pere-llampdesal\\\/#primaryimage\"},\"thumbnailUrl\":\"https:\\\/\\\/cardonaturisme.cat\\\/wp-content\\\/uploads\\\/2023\\\/10\\\/llamp-sal-1.jpg\",\"datePublished\":\"2023-10-12T19:40:30+00:00\",\"dateModified\":\"2025-06-30T15:02:50+00:00\",\"description\":\"Activit\u00e9 familiale sous forme de conte pour d\u00e9couvrir tous les myst\u00e8res de Cardona de fa\u00e7on ludique.\",\"breadcrumb\":{\"@id\":\"https:\\\/\\\/cardonaturisme.cat\\\/fr\\\/activitats\\\/le-legendaire-pere-llampdesal\\\/#breadcrumb\"},\"inLanguage\":\"fr-FR\",\"potentialAction\":[{\"@type\":\"ReadAction\",\"target\":[\"https:\\\/\\\/cardonaturisme.cat\\\/fr\\\/activitats\\\/le-legendaire-pere-llampdesal\\\/\"]}]},{\"@type\":\"ImageObject\",\"inLanguage\":\"fr-FR\",\"@id\":\"https:\\\/\\\/cardonaturisme.cat\\\/fr\\\/activitats\\\/le-legendaire-pere-llampdesal\\\/#primaryimage\",\"url\":\"https:\\\/\\\/cardonaturisme.cat\\\/wp-content\\\/uploads\\\/2023\\\/10\\\/llamp-sal-1.jpg\",\"contentUrl\":\"https:\\\/\\\/cardonaturisme.cat\\\/wp-content\\\/uploads\\\/2023\\\/10\\\/llamp-sal-1.jpg\",\"width\":1000,\"height\":600},{\"@type\":\"BreadcrumbList\",\"@id\":\"https:\\\/\\\/cardonaturisme.cat\\\/fr\\\/activitats\\\/le-legendaire-pere-llampdesal\\\/#breadcrumb\",\"itemListElement\":[{\"@type\":\"ListItem\",\"position\":1,\"name\":\"Inici\",\"item\":\"https:\\\/\\\/cardonaturisme.cat\\\/fr\\\/\"},{\"@type\":\"ListItem\",\"position\":2,\"name\":\"Activitats\",\"item\":\"https:\\\/\\\/cardonaturisme.cat\\\/fr\\\/activitats\\\/\"},{\"@type\":\"ListItem\",\"position\":3,\"name\":\"Le l\u00e9gendaire Pere Llampdesal\"}]},{\"@type\":\"WebSite\",\"@id\":\"https:\\\/\\\/cardonaturisme.cat\\\/fr\\\/#website\",\"url\":\"https:\\\/\\\/cardonaturisme.cat\\\/fr\\\/\",\"name\":\"Cardona Turisme\",\"description\":\"La teva hist\u00f2ria\",\"publisher\":{\"@id\":\"https:\\\/\\\/cardonaturisme.cat\\\/fr\\\/#organization\"},\"potentialAction\":[{\"@type\":\"SearchAction\",\"target\":{\"@type\":\"EntryPoint\",\"urlTemplate\":\"https:\\\/\\\/cardonaturisme.cat\\\/fr\\\/?s={search_term_string}\"},\"query-input\":{\"@type\":\"PropertyValueSpecification\",\"valueRequired\":true,\"valueName\":\"search_term_string\"}}],\"inLanguage\":\"fr-FR\"},{\"@type\":\"Organization\",\"@id\":\"https:\\\/\\\/cardonaturisme.cat\\\/fr\\\/#organization\",\"name\":\"Cardona Turisme\",\"url\":\"https:\\\/\\\/cardonaturisme.cat\\\/fr\\\/\",\"logo\":{\"@type\":\"ImageObject\",\"inLanguage\":\"fr-FR\",\"@id\":\"https:\\\/\\\/cardonaturisme.cat\\\/fr\\\/#\\\/schema\\\/logo\\\/image\\\/\",\"url\":\"https:\\\/\\\/cardonaturisme.cat\\\/wp-content\\\/uploads\\\/2023\\\/10\\\/logo-vermell-cardonaturisme.svg\",\"contentUrl\":\"https:\\\/\\\/cardonaturisme.cat\\\/wp-content\\\/uploads\\\/2023\\\/10\\\/logo-vermell-cardonaturisme.svg\",\"caption\":\"Cardona Turisme\"},\"image\":{\"@id\":\"https:\\\/\\\/cardonaturisme.cat\\\/fr\\\/#\\\/schema\\\/logo\\\/image\\\/\"},\"sameAs\":[\"https:\\\/\\\/www.facebook.com\\\/p\\\/Fundaci-Cardona-Histrica-100063704192069\\\/\",\"https:\\\/\\\/x.com\\\/cardonaturisme\"]}]}<\/script>\n<!-- \/ Yoast SEO plugin. -->","yoast_head_json":{"title":"Le l\u00e9gendaire Pere Llampdesal - Cardona Turisme","description":"Activit\u00e9 familiale sous forme de conte pour d\u00e9couvrir tous les myst\u00e8res de Cardona de fa\u00e7on ludique.","robots":{"index":"index","follow":"follow","max-snippet":"max-snippet:-1","max-image-preview":"max-image-preview:large","max-video-preview":"max-video-preview:-1"},"canonical":"https:\/\/cardonaturisme.cat\/fr\/activitats\/le-legendaire-pere-llampdesal\/","og_locale":"fr_FR","og_type":"article","og_title":"Le l\u00e9gendaire Pere Llampdesal - Cardona Turisme","og_description":"Activit\u00e9 familiale sous forme de conte pour d\u00e9couvrir tous les myst\u00e8res de Cardona de fa\u00e7on ludique.","og_url":"https:\/\/cardonaturisme.cat\/fr\/activitats\/le-legendaire-pere-llampdesal\/","og_site_name":"Cardona Turisme","article_publisher":"https:\/\/www.facebook.com\/p\/Fundaci-Cardona-Histrica-100063704192069\/","article_modified_time":"2025-06-30T15:02:50+00:00","og_image":[{"width":1000,"height":600,"url":"https:\/\/cardonaturisme.cat\/wp-content\/uploads\/2023\/10\/llamp-sal-1.jpg","type":"image\/jpeg"}],"twitter_card":"summary_large_image","twitter_site":"@cardonaturisme","twitter_misc":{"Dur\u00e9e de lecture estim\u00e9e":"2 minutes"},"schema":{"@context":"https:\/\/schema.org","@graph":[{"@type":"WebPage","@id":"https:\/\/cardonaturisme.cat\/fr\/activitats\/le-legendaire-pere-llampdesal\/","url":"https:\/\/cardonaturisme.cat\/fr\/activitats\/le-legendaire-pere-llampdesal\/","name":"Le l\u00e9gendaire Pere Llampdesal - Cardona Turisme","isPartOf":{"@id":"https:\/\/cardonaturisme.cat\/fr\/#website"},"primaryImageOfPage":{"@id":"https:\/\/cardonaturisme.cat\/fr\/activitats\/le-legendaire-pere-llampdesal\/#primaryimage"},"image":{"@id":"https:\/\/cardonaturisme.cat\/fr\/activitats\/le-legendaire-pere-llampdesal\/#primaryimage"},"thumbnailUrl":"https:\/\/cardonaturisme.cat\/wp-content\/uploads\/2023\/10\/llamp-sal-1.jpg","datePublished":"2023-10-12T19:40:30+00:00","dateModified":"2025-06-30T15:02:50+00:00","description":"Activit\u00e9 familiale sous forme de conte pour d\u00e9couvrir tous les myst\u00e8res de Cardona de fa\u00e7on ludique.","breadcrumb":{"@id":"https:\/\/cardonaturisme.cat\/fr\/activitats\/le-legendaire-pere-llampdesal\/#breadcrumb"},"inLanguage":"fr-FR","potentialAction":[{"@type":"ReadAction","target":["https:\/\/cardonaturisme.cat\/fr\/activitats\/le-legendaire-pere-llampdesal\/"]}]},{"@type":"ImageObject","inLanguage":"fr-FR","@id":"https:\/\/cardonaturisme.cat\/fr\/activitats\/le-legendaire-pere-llampdesal\/#primaryimage","url":"https:\/\/cardonaturisme.cat\/wp-content\/uploads\/2023\/10\/llamp-sal-1.jpg","contentUrl":"https:\/\/cardonaturisme.cat\/wp-content\/uploads\/2023\/10\/llamp-sal-1.jpg","width":1000,"height":600},{"@type":"BreadcrumbList","@id":"https:\/\/cardonaturisme.cat\/fr\/activitats\/le-legendaire-pere-llampdesal\/#breadcrumb","itemListElement":[{"@type":"ListItem","position":1,"name":"Inici","item":"https:\/\/cardonaturisme.cat\/fr\/"},{"@type":"ListItem","position":2,"name":"Activitats","item":"https:\/\/cardonaturisme.cat\/fr\/activitats\/"},{"@type":"ListItem","position":3,"name":"Le l\u00e9gendaire Pere Llampdesal"}]},{"@type":"WebSite","@id":"https:\/\/cardonaturisme.cat\/fr\/#website","url":"https:\/\/cardonaturisme.cat\/fr\/","name":"Cardona Turisme","description":"La teva hist\u00f2ria","publisher":{"@id":"https:\/\/cardonaturisme.cat\/fr\/#organization"},"potentialAction":[{"@type":"SearchAction","target":{"@type":"EntryPoint","urlTemplate":"https:\/\/cardonaturisme.cat\/fr\/?s={search_term_string}"},"query-input":{"@type":"PropertyValueSpecification","valueRequired":true,"valueName":"search_term_string"}}],"inLanguage":"fr-FR"},{"@type":"Organization","@id":"https:\/\/cardonaturisme.cat\/fr\/#organization","name":"Cardona Turisme","url":"https:\/\/cardonaturisme.cat\/fr\/","logo":{"@type":"ImageObject","inLanguage":"fr-FR","@id":"https:\/\/cardonaturisme.cat\/fr\/#\/schema\/logo\/image\/","url":"https:\/\/cardonaturisme.cat\/wp-content\/uploads\/2023\/10\/logo-vermell-cardonaturisme.svg","contentUrl":"https:\/\/cardonaturisme.cat\/wp-content\/uploads\/2023\/10\/logo-vermell-cardonaturisme.svg","caption":"Cardona Turisme"},"image":{"@id":"https:\/\/cardonaturisme.cat\/fr\/#\/schema\/logo\/image\/"},"sameAs":["https:\/\/www.facebook.com\/p\/Fundaci-Cardona-Histrica-100063704192069\/","https:\/\/x.com\/cardonaturisme"]}]}},"_links":{"self":[{"href":"https:\/\/cardonaturisme.cat\/fr\/wp-json\/wp\/v2\/activitats\/16833","targetHints":{"allow":["GET"]}}],"collection":[{"href":"https:\/\/cardonaturisme.cat\/fr\/wp-json\/wp\/v2\/activitats"}],"about":[{"href":"https:\/\/cardonaturisme.cat\/fr\/wp-json\/wp\/v2\/types\/activitats"}],"wp:featuredmedia":[{"embeddable":true,"href":"https:\/\/cardonaturisme.cat\/fr\/wp-json\/wp\/v2\/media\/2734"}],"wp:attachment":[{"href":"https:\/\/cardonaturisme.cat\/fr\/wp-json\/wp\/v2\/media?parent=16833"}],"wp:term":[{"taxonomy":"public-categoria","embeddable":true,"href":"https:\/\/cardonaturisme.cat\/fr\/wp-json\/wp\/v2\/public-categoria?post=16833"},{"taxonomy":"visitant","embeddable":true,"href":"https:\/\/cardonaturisme.cat\/fr\/wp-json\/wp\/v2\/visitant?post=16833"}],"curies":[{"name":"wp","href":"https:\/\/api.w.org\/{rel}","templated":true}]}}