{"id":16831,"date":"2023-10-17T12:00:00","date_gmt":"2023-10-17T10:00:00","guid":{"rendered":"https:\/\/cardonaturisme.cat\/?post_type=activitats&#038;p=16831"},"modified":"2025-06-30T16:54:42","modified_gmt":"2025-06-30T14:54:42","slug":"coucher-de-soleil-au-chateau-de-cardona","status":"publish","type":"activitats","link":"https:\/\/cardonaturisme.cat\/fr\/activitats\/coucher-de-soleil-au-chateau-de-cardona\/","title":{"rendered":"Coucher de soleil au Ch\u00e2teau de Cardona"},"content":{"rendered":"\n<h4 class=\"wp-block-heading\">Descripci\u00f3:<\/h4>\n\n\n\n<p>Viu un capvespre diferent des d\u2019un dels miradors m\u00e9s&nbsp;privilegiats&nbsp;de la Catalunya Central. Coneix la hist\u00f2ria i els secrets de la fortalesa mai ven\u00e7uda&nbsp;a trav\u00e9s d\u2019un apassionant viatge per la nostra hist\u00f2ria. Al final de la visita podr\u00e0s gaudir d\u2019unes vistes panor\u00e0miques des de la Torre de la Minyona i de l\u2019espectacle de la posta de sol. Aprofita l\u2019estiu i viu l\u2019experi\u00e8ncia Cardona.<\/p>\n\n\n\n<p>Inici visita: Oficina d\u2019atenci\u00f3 al visitant del Castell.<\/p>\n\n\n\n<h4 class=\"wp-block-heading\">Quan?<\/h4>\n\n\n\n<p>Divendres 26 de juliol i divendres 16 d\u2019agost a les 19.00h.<\/p>\n\n\n\n<h4 class=\"wp-block-heading\">Preus:<\/h4>\n\n\n\n<ul class=\"wp-block-list\">\n<li>Adults: 9\u20ac<\/li>\n\n\n\n<li>Jubilats: 6\u20ac<\/li>\n\n\n\n<li>Nens de 7 a 11 anys: 4\u20ac<\/li>\n<\/ul>\n\n\n\n<h4 class=\"wp-block-heading\">Vols una visita particular amb el teu grup?<\/h4>\n\n\n\n<p>Una visita guiada particular per a tu i el teu grup! Des de la Fundaci\u00f3 s\u2019ofereix la possibilitat de concertar el servei de guiatge per a grups concrets&nbsp;sempre pr\u00e8via reserva. S\u2019acordar\u00e0 la data i hora de la visita guiada sempre a conveni\u00e8ncia del grup i segons disponibilitat de la Fundaci\u00f3.&nbsp;<a href=\"http:\/\/entrades.cardonaturisme.cat\/ca\/grups\" target=\"_blank\" rel=\"noreferrer noopener\">Ompliu aquest formulari<\/a>&nbsp;i en breu, 48-72 hores m\u00e0xim, estudiarem la petici\u00f3 i ens posarem en contacte.<\/p>\n\n\n\n<h4 class=\"wp-block-heading\">Conv\u00e9 saber\u2026<\/h4>\n\n\n\n<ul class=\"wp-block-list\">\n<li>Respecteu l\u2019aforament limitat.<\/li>\n\n\n\n<li>Realitzeu preferentment el pagament amb targeta.<\/li>\n\n\n\n<li>Recomanem portar cal\u00e7at c\u00f2mode.<\/li>\n<\/ul>\n\n\n\n<h4 class=\"wp-block-heading\">Preguntes freq\u00fcents<\/h4>\n\n\n\n<p>Resolem els teus dubtes.&nbsp;<a href=\"https:\/\/cardonaturisme.cat\/ca\/faq-visita-guiada-al-castell\/\" target=\"_blank\" rel=\"noreferrer noopener\">Clica aqu\u00ed!<\/a><\/p>\n\n\n\n<h4 class=\"wp-block-heading\">Accessibilitat:<\/h4>\n\n\n\n<ul class=\"wp-block-list\">\n<li>El recorregut pel pati, claustre , Col.legiata de Sant Vicen\u00e7 i baluards est\u00e0 adaptat a persones amb mobilitat redu\u00efda. L\u2019acc\u00e9s a la Torre de la Minyona \u00e9s nom\u00e9s via escales.<\/li>\n<\/ul>\n","protected":false},"featured_media":16303,"parent":0,"template":"","public-categoria":[164],"visitant":[181,180],"class_list":["post-16831","activitats","type-activitats","status-publish","has-post-thumbnail","hentry","public-categoria-chateau-de-cardona","visitant-couple-fr","visitant-groupe"],"acf":[],"yoast_head":"<!-- This site is optimized with the Yoast SEO plugin v27.4 - https:\/\/yoast.com\/product\/yoast-seo-wordpress\/ -->\n<title>Coucher de soleil au Ch\u00e2teau de Cardona - Cardona Turisme<\/title>\n<meta name=\"description\" content=\"Vivez un coucher de soleil exceptionnel depuis l\u2019un des panoramas les plus privil\u00e9gi\u00e9s de la Catalogne Centrale. D\u00e9couvrez l\u2019histoire et les secrets du Ch\u00e2teau.\" \/>\n<meta name=\"robots\" content=\"index, follow, max-snippet:-1, max-image-preview:large, max-video-preview:-1\" \/>\n<link rel=\"canonical\" href=\"https:\/\/cardonaturisme.cat\/fr\/activitats\/coucher-de-soleil-au-chateau-de-cardona\/\" \/>\n<meta property=\"og:locale\" content=\"fr_FR\" \/>\n<meta property=\"og:type\" content=\"article\" \/>\n<meta property=\"og:title\" content=\"Coucher de soleil au Ch\u00e2teau de Cardona - Cardona Turisme\" \/>\n<meta property=\"og:description\" content=\"Vivez un coucher de soleil exceptionnel depuis l\u2019un des panoramas les plus privil\u00e9gi\u00e9s de la Catalogne Centrale. D\u00e9couvrez l\u2019histoire et les secrets du Ch\u00e2teau.\" \/>\n<meta property=\"og:url\" content=\"https:\/\/cardonaturisme.cat\/fr\/activitats\/coucher-de-soleil-au-chateau-de-cardona\/\" \/>\n<meta property=\"og:site_name\" content=\"Cardona Turisme\" \/>\n<meta property=\"article:publisher\" content=\"https:\/\/www.facebook.com\/p\/Fundaci-Cardona-Histrica-100063704192069\/\" \/>\n<meta property=\"article:modified_time\" content=\"2025-06-30T14:54:42+00:00\" \/>\n<meta property=\"og:image\" content=\"https:\/\/cardonaturisme.cat\/wp-content\/uploads\/2023\/10\/capvespre-castell-portada.jpg\" \/>\n\t<meta property=\"og:image:width\" content=\"1875\" \/>\n\t<meta property=\"og:image:height\" content=\"2500\" \/>\n\t<meta property=\"og:image:type\" content=\"image\/jpeg\" \/>\n<meta name=\"twitter:card\" content=\"summary_large_image\" \/>\n<meta name=\"twitter:site\" content=\"@cardonaturisme\" \/>\n<meta name=\"twitter:label1\" content=\"Dur\u00e9e de lecture estim\u00e9e\" \/>\n\t<meta name=\"twitter:data1\" content=\"2 minutes\" \/>\n<script type=\"application\/ld+json\" class=\"yoast-schema-graph\">{\"@context\":\"https:\\\/\\\/schema.org\",\"@graph\":[{\"@type\":\"WebPage\",\"@id\":\"https:\\\/\\\/cardonaturisme.cat\\\/fr\\\/activitats\\\/coucher-de-soleil-au-chateau-de-cardona\\\/\",\"url\":\"https:\\\/\\\/cardonaturisme.cat\\\/fr\\\/activitats\\\/coucher-de-soleil-au-chateau-de-cardona\\\/\",\"name\":\"Coucher de soleil au Ch\u00e2teau de Cardona - Cardona Turisme\",\"isPartOf\":{\"@id\":\"https:\\\/\\\/cardonaturisme.cat\\\/fr\\\/#website\"},\"primaryImageOfPage\":{\"@id\":\"https:\\\/\\\/cardonaturisme.cat\\\/fr\\\/activitats\\\/coucher-de-soleil-au-chateau-de-cardona\\\/#primaryimage\"},\"image\":{\"@id\":\"https:\\\/\\\/cardonaturisme.cat\\\/fr\\\/activitats\\\/coucher-de-soleil-au-chateau-de-cardona\\\/#primaryimage\"},\"thumbnailUrl\":\"https:\\\/\\\/cardonaturisme.cat\\\/wp-content\\\/uploads\\\/2023\\\/10\\\/capvespre-castell-portada.jpg\",\"datePublished\":\"2023-10-17T10:00:00+00:00\",\"dateModified\":\"2025-06-30T14:54:42+00:00\",\"description\":\"Vivez un coucher de soleil exceptionnel depuis l\u2019un des panoramas les plus privil\u00e9gi\u00e9s de la Catalogne Centrale. D\u00e9couvrez l\u2019histoire et les secrets du Ch\u00e2teau.\",\"breadcrumb\":{\"@id\":\"https:\\\/\\\/cardonaturisme.cat\\\/fr\\\/activitats\\\/coucher-de-soleil-au-chateau-de-cardona\\\/#breadcrumb\"},\"inLanguage\":\"fr-FR\",\"potentialAction\":[{\"@type\":\"ReadAction\",\"target\":[\"https:\\\/\\\/cardonaturisme.cat\\\/fr\\\/activitats\\\/coucher-de-soleil-au-chateau-de-cardona\\\/\"]}]},{\"@type\":\"ImageObject\",\"inLanguage\":\"fr-FR\",\"@id\":\"https:\\\/\\\/cardonaturisme.cat\\\/fr\\\/activitats\\\/coucher-de-soleil-au-chateau-de-cardona\\\/#primaryimage\",\"url\":\"https:\\\/\\\/cardonaturisme.cat\\\/wp-content\\\/uploads\\\/2023\\\/10\\\/capvespre-castell-portada.jpg\",\"contentUrl\":\"https:\\\/\\\/cardonaturisme.cat\\\/wp-content\\\/uploads\\\/2023\\\/10\\\/capvespre-castell-portada.jpg\",\"width\":1875,\"height\":2500},{\"@type\":\"BreadcrumbList\",\"@id\":\"https:\\\/\\\/cardonaturisme.cat\\\/fr\\\/activitats\\\/coucher-de-soleil-au-chateau-de-cardona\\\/#breadcrumb\",\"itemListElement\":[{\"@type\":\"ListItem\",\"position\":1,\"name\":\"Inici\",\"item\":\"https:\\\/\\\/cardonaturisme.cat\\\/fr\\\/\"},{\"@type\":\"ListItem\",\"position\":2,\"name\":\"Activitats\",\"item\":\"https:\\\/\\\/cardonaturisme.cat\\\/fr\\\/activitats\\\/\"},{\"@type\":\"ListItem\",\"position\":3,\"name\":\"Coucher de soleil au Ch\u00e2teau de Cardona\"}]},{\"@type\":\"WebSite\",\"@id\":\"https:\\\/\\\/cardonaturisme.cat\\\/fr\\\/#website\",\"url\":\"https:\\\/\\\/cardonaturisme.cat\\\/fr\\\/\",\"name\":\"Cardona Turisme\",\"description\":\"La teva hist\u00f2ria\",\"publisher\":{\"@id\":\"https:\\\/\\\/cardonaturisme.cat\\\/fr\\\/#organization\"},\"potentialAction\":[{\"@type\":\"SearchAction\",\"target\":{\"@type\":\"EntryPoint\",\"urlTemplate\":\"https:\\\/\\\/cardonaturisme.cat\\\/fr\\\/?s={search_term_string}\"},\"query-input\":{\"@type\":\"PropertyValueSpecification\",\"valueRequired\":true,\"valueName\":\"search_term_string\"}}],\"inLanguage\":\"fr-FR\"},{\"@type\":\"Organization\",\"@id\":\"https:\\\/\\\/cardonaturisme.cat\\\/fr\\\/#organization\",\"name\":\"Cardona Turisme\",\"url\":\"https:\\\/\\\/cardonaturisme.cat\\\/fr\\\/\",\"logo\":{\"@type\":\"ImageObject\",\"inLanguage\":\"fr-FR\",\"@id\":\"https:\\\/\\\/cardonaturisme.cat\\\/fr\\\/#\\\/schema\\\/logo\\\/image\\\/\",\"url\":\"https:\\\/\\\/cardonaturisme.cat\\\/wp-content\\\/uploads\\\/2023\\\/10\\\/logo-vermell-cardonaturisme.svg\",\"contentUrl\":\"https:\\\/\\\/cardonaturisme.cat\\\/wp-content\\\/uploads\\\/2023\\\/10\\\/logo-vermell-cardonaturisme.svg\",\"caption\":\"Cardona Turisme\"},\"image\":{\"@id\":\"https:\\\/\\\/cardonaturisme.cat\\\/fr\\\/#\\\/schema\\\/logo\\\/image\\\/\"},\"sameAs\":[\"https:\\\/\\\/www.facebook.com\\\/p\\\/Fundaci-Cardona-Histrica-100063704192069\\\/\",\"https:\\\/\\\/x.com\\\/cardonaturisme\"]}]}<\/script>\n<!-- \/ Yoast SEO plugin. -->","yoast_head_json":{"title":"Coucher de soleil au Ch\u00e2teau de Cardona - Cardona Turisme","description":"Vivez un coucher de soleil exceptionnel depuis l\u2019un des panoramas les plus privil\u00e9gi\u00e9s de la Catalogne Centrale. D\u00e9couvrez l\u2019histoire et les secrets du Ch\u00e2teau.","robots":{"index":"index","follow":"follow","max-snippet":"max-snippet:-1","max-image-preview":"max-image-preview:large","max-video-preview":"max-video-preview:-1"},"canonical":"https:\/\/cardonaturisme.cat\/fr\/activitats\/coucher-de-soleil-au-chateau-de-cardona\/","og_locale":"fr_FR","og_type":"article","og_title":"Coucher de soleil au Ch\u00e2teau de Cardona - Cardona Turisme","og_description":"Vivez un coucher de soleil exceptionnel depuis l\u2019un des panoramas les plus privil\u00e9gi\u00e9s de la Catalogne Centrale. D\u00e9couvrez l\u2019histoire et les secrets du Ch\u00e2teau.","og_url":"https:\/\/cardonaturisme.cat\/fr\/activitats\/coucher-de-soleil-au-chateau-de-cardona\/","og_site_name":"Cardona Turisme","article_publisher":"https:\/\/www.facebook.com\/p\/Fundaci-Cardona-Histrica-100063704192069\/","article_modified_time":"2025-06-30T14:54:42+00:00","og_image":[{"width":1875,"height":2500,"url":"https:\/\/cardonaturisme.cat\/wp-content\/uploads\/2023\/10\/capvespre-castell-portada.jpg","type":"image\/jpeg"}],"twitter_card":"summary_large_image","twitter_site":"@cardonaturisme","twitter_misc":{"Dur\u00e9e de lecture estim\u00e9e":"2 minutes"},"schema":{"@context":"https:\/\/schema.org","@graph":[{"@type":"WebPage","@id":"https:\/\/cardonaturisme.cat\/fr\/activitats\/coucher-de-soleil-au-chateau-de-cardona\/","url":"https:\/\/cardonaturisme.cat\/fr\/activitats\/coucher-de-soleil-au-chateau-de-cardona\/","name":"Coucher de soleil au Ch\u00e2teau de Cardona - Cardona Turisme","isPartOf":{"@id":"https:\/\/cardonaturisme.cat\/fr\/#website"},"primaryImageOfPage":{"@id":"https:\/\/cardonaturisme.cat\/fr\/activitats\/coucher-de-soleil-au-chateau-de-cardona\/#primaryimage"},"image":{"@id":"https:\/\/cardonaturisme.cat\/fr\/activitats\/coucher-de-soleil-au-chateau-de-cardona\/#primaryimage"},"thumbnailUrl":"https:\/\/cardonaturisme.cat\/wp-content\/uploads\/2023\/10\/capvespre-castell-portada.jpg","datePublished":"2023-10-17T10:00:00+00:00","dateModified":"2025-06-30T14:54:42+00:00","description":"Vivez un coucher de soleil exceptionnel depuis l\u2019un des panoramas les plus privil\u00e9gi\u00e9s de la Catalogne Centrale. D\u00e9couvrez l\u2019histoire et les secrets du Ch\u00e2teau.","breadcrumb":{"@id":"https:\/\/cardonaturisme.cat\/fr\/activitats\/coucher-de-soleil-au-chateau-de-cardona\/#breadcrumb"},"inLanguage":"fr-FR","potentialAction":[{"@type":"ReadAction","target":["https:\/\/cardonaturisme.cat\/fr\/activitats\/coucher-de-soleil-au-chateau-de-cardona\/"]}]},{"@type":"ImageObject","inLanguage":"fr-FR","@id":"https:\/\/cardonaturisme.cat\/fr\/activitats\/coucher-de-soleil-au-chateau-de-cardona\/#primaryimage","url":"https:\/\/cardonaturisme.cat\/wp-content\/uploads\/2023\/10\/capvespre-castell-portada.jpg","contentUrl":"https:\/\/cardonaturisme.cat\/wp-content\/uploads\/2023\/10\/capvespre-castell-portada.jpg","width":1875,"height":2500},{"@type":"BreadcrumbList","@id":"https:\/\/cardonaturisme.cat\/fr\/activitats\/coucher-de-soleil-au-chateau-de-cardona\/#breadcrumb","itemListElement":[{"@type":"ListItem","position":1,"name":"Inici","item":"https:\/\/cardonaturisme.cat\/fr\/"},{"@type":"ListItem","position":2,"name":"Activitats","item":"https:\/\/cardonaturisme.cat\/fr\/activitats\/"},{"@type":"ListItem","position":3,"name":"Coucher de soleil au Ch\u00e2teau de Cardona"}]},{"@type":"WebSite","@id":"https:\/\/cardonaturisme.cat\/fr\/#website","url":"https:\/\/cardonaturisme.cat\/fr\/","name":"Cardona Turisme","description":"La teva hist\u00f2ria","publisher":{"@id":"https:\/\/cardonaturisme.cat\/fr\/#organization"},"potentialAction":[{"@type":"SearchAction","target":{"@type":"EntryPoint","urlTemplate":"https:\/\/cardonaturisme.cat\/fr\/?s={search_term_string}"},"query-input":{"@type":"PropertyValueSpecification","valueRequired":true,"valueName":"search_term_string"}}],"inLanguage":"fr-FR"},{"@type":"Organization","@id":"https:\/\/cardonaturisme.cat\/fr\/#organization","name":"Cardona Turisme","url":"https:\/\/cardonaturisme.cat\/fr\/","logo":{"@type":"ImageObject","inLanguage":"fr-FR","@id":"https:\/\/cardonaturisme.cat\/fr\/#\/schema\/logo\/image\/","url":"https:\/\/cardonaturisme.cat\/wp-content\/uploads\/2023\/10\/logo-vermell-cardonaturisme.svg","contentUrl":"https:\/\/cardonaturisme.cat\/wp-content\/uploads\/2023\/10\/logo-vermell-cardonaturisme.svg","caption":"Cardona Turisme"},"image":{"@id":"https:\/\/cardonaturisme.cat\/fr\/#\/schema\/logo\/image\/"},"sameAs":["https:\/\/www.facebook.com\/p\/Fundaci-Cardona-Histrica-100063704192069\/","https:\/\/x.com\/cardonaturisme"]}]}},"_links":{"self":[{"href":"https:\/\/cardonaturisme.cat\/fr\/wp-json\/wp\/v2\/activitats\/16831","targetHints":{"allow":["GET"]}}],"collection":[{"href":"https:\/\/cardonaturisme.cat\/fr\/wp-json\/wp\/v2\/activitats"}],"about":[{"href":"https:\/\/cardonaturisme.cat\/fr\/wp-json\/wp\/v2\/types\/activitats"}],"wp:featuredmedia":[{"embeddable":true,"href":"https:\/\/cardonaturisme.cat\/fr\/wp-json\/wp\/v2\/media\/16303"}],"wp:attachment":[{"href":"https:\/\/cardonaturisme.cat\/fr\/wp-json\/wp\/v2\/media?parent=16831"}],"wp:term":[{"taxonomy":"public-categoria","embeddable":true,"href":"https:\/\/cardonaturisme.cat\/fr\/wp-json\/wp\/v2\/public-categoria?post=16831"},{"taxonomy":"visitant","embeddable":true,"href":"https:\/\/cardonaturisme.cat\/fr\/wp-json\/wp\/v2\/visitant?post=16831"}],"curies":[{"name":"wp","href":"https:\/\/api.w.org\/{rel}","templated":true}]}}