{"id":16620,"date":"2023-10-10T21:41:05","date_gmt":"2023-10-10T19:41:05","guid":{"rendered":"https:\/\/cardonaturisme.cat\/?post_type=activitats&#038;p=16620"},"modified":"2025-06-30T17:05:51","modified_gmt":"2025-06-30T15:05:51","slug":"points-de-vue-points-selfie","status":"publish","type":"activitats","link":"https:\/\/cardonaturisme.cat\/fr\/activitats\/points-de-vue-points-selfie\/","title":{"rendered":"Points de vue + points selfie"},"content":{"rendered":"\n<p>Cardona c\u2019est paysage, et croyez-nous, n\u2019importe lequel de ses miradors vous surprendra ! Le Ch\u00e2teau frappe les esprits seulement en le voyant, mais il est fascinant de l\u2019observer depuis tous les angles ! Nous vous proposons une route afin de profiter du paysage de Cardona! Commen\u00e7ons !<\/p>\n\n\n\n<h4 class=\"wp-block-heading\">Du haut du Ch\u00e2teau de Cardona<\/h4>\n\n\n\n<ul class=\"wp-block-list\">\n<li>De la Grande Tour du Ch\u00e2teau.\u00a0Le mirador par excellence de Cardona est le point le plus haut du Donjon, \u00e0 Cardona connue sous le nom de Tour de la Minyona. Observez attentivement le paysage : la ville aux pieds du Ch\u00e2teau, la rivi\u00e8re Cardener, les montagnes des Pyr\u00e9n\u00e9es, la cha\u00eene de Montserrat\u2026 C\u2019est vraiment spectaculaire<\/li>\n\n\n\n<li>Bastions de la forteresse de Cardona.\u00a0Il est vivement recommand\u00e9 de se promener tranquillement \u00e0 travers le chemin de ronde qui entoure l\u2019espace m\u00e9di\u00e9val de la forteresse de Cardona. Si vous faites un tour, vous comprendrez le syst\u00e8me de d\u00e9fense, les points d\u2019attaque, l\u2019architecture et l\u2019ing\u00e9nierie militaire\u2026. \u00a0Si vous levez les yeux, vous contemplerez la partie la plus ancienne qui correspond au ch\u00e2teau m\u00e9di\u00e9val et l\u2019adaptation de la plateforme de bastions d\u2019\u00e9poque moderne. Demandez un itin\u00e9raire\/guide de promenade libre pour l\u2019ensemble au point d\u2019information du Ch\u00e2teau de Cardona.<\/li>\n\n\n\n<li>Vieux Chemin.\u00a0Nous vous recommandons de descendre depuis le Ch\u00e2teau vers la ville par l\u2019ancien chemin couvert, connu sous le nom de Vieux Chemin. Vous passerez par les anciens portails, verrez les murs et parapets, les meurtri\u00e8res et les syst\u00e8mes de d\u00e9fense\u2026 vous comprendrez vraiment comment on vivait dans une forteresse ! Le Chemin vous conduira jusqu\u2019\u00e0 l\u2019Office de Tourisme, aux pieds de la butte.<\/li>\n<\/ul>\n\n\n\n<h4 class=\"wp-block-heading\">Dans la ville<\/h4>\n\n\n\n<ul class=\"wp-block-list\">\n<li>Avec le plan de Cardona sous les yeux, rendez-vous \u00e0 la promenade Moss\u00e8n Joan Riba. L\u00e0 se trouve le mirador nord, tourn\u00e9 vers les Pyr\u00e9n\u00e9es. La vue est vraiment impressionnante. On peut y apercevoir les cha\u00eenes pyr\u00e9n\u00e9ennes, ainsi que la plaine fertile de Cardona : Pla de les Hortes. Vous verrez le cours de la rivi\u00e8re Cardener, les cultures et les bois, les mas et les exploitations agricoles. Un plaisir pour les yeux !<\/li>\n\n\n\n<li>Mirador de la Pietat.\u00a0Si vous suivez l\u2019ancien chemin de Capdevila ou Calaf, aujourd\u2019hui connu sous le nom d\u2019Avinguda de la Pietat, vous arriverez \u00e0 l\u2019\u00e9glise qui porte ce nom. Vous y trouverez des bancs. Asseyez-vous et arr\u00eatez l\u2019horloge du temps !\u00a0 Ce point permet de contempler le Ch\u00e2teau dans toute sa splendeur, d\u2019observer la ville \u00e0 ses pieds, avec ses toitures \u00e0 double pente, l\u2019ancien urbanisme et le quartier moderne. Vous verrez \u00e9galement une curieuse structure de d\u00e9fense : la Tour de Meer (XIXe s.).<\/li>\n<\/ul>\n\n\n\n<h4 class=\"wp-block-heading\">Retour au centre historique<\/h4>\n\n\n\n<ul class=\"wp-block-list\">\n<li>Mirador de la Fira.\u00a0Sans doute le mirador le plus connu et embl\u00e9matique de Cardona. Il se trouve sur la place de la Fira, \u00e0 c\u00f4t\u00e9 de la sculpture comm\u00e9morative des 1 000 ans de la fondation de la ville (23 avril 986). De l\u00e0 vous comprendrez parfaitement l\u2019\u00e9troite relation entre la Vall\u00e9e Saline et le Ch\u00e2teau de Cardona !<\/li>\n<\/ul>\n\n\n\n<h4 class=\"wp-block-heading\">Depuis le Parc Culturel de la Montagne de Sel<\/h4>\n\n\n\n<ul class=\"wp-block-list\">\n<li>Si vous visitez le Parc Culturel de la Montagne de Sel de Cardona, vous profiterez de deux vues panoramiques indescriptibles sur le Ch\u00e2teau. Une se trouve dans la zone d\u00e9nomm\u00e9e Point 2\u00a0de l\u2019ancien espace de Mina Nieves (vous recevrez des informations apr\u00e8s la visite guid\u00e9e). Vous pourrez y contempler dans une seule vue panoramique les 2 ic\u00f4nes de Cardona : la molette du Puits Minier Maria Teresa (de 46 m\u00e8tres de haut) et au fond le Ch\u00e2teau de Cardona.<\/li>\n\n\n\n<li>Si vous faites la visite guid\u00e9e de la Montagne de Sel, quand le v\u00e9hicule sp\u00e9cial de transport des visiteurs se dispose \u00e0 suivre le chemin de retour \u00e0 la fin de la visite, vous pourrez voir \u00e0 droite du chemin l\u2019image la plus spectaculaire du ch\u00e2teau et forteresse de Cardona : la face sud de l\u2019ensemble. Nous ne devons pas nous en \u00e9tonner : le ch\u00e2teau fut construit pour contr\u00f4ler la pr\u00e9cieuse ressource du sel. Il est donc logique que le ch\u00e2teau soit tourn\u00e9 vers la Vall\u00e9e Saline. Cette vue panoramique est frappante aux yeux de tous !<\/li>\n<\/ul>\n","protected":false},"featured_media":2746,"parent":0,"template":"","public-categoria":[165,166],"visitant":[181,179],"class_list":["post-16620","activitats","type-activitats","status-publish","has-post-thumbnail","hentry","public-categoria-centre-historique","public-categoria-nature-et-environnement","visitant-couple-fr","visitant-famille"],"acf":[],"yoast_head":"<!-- This site is optimized with the Yoast SEO plugin v27.4 - https:\/\/yoast.com\/product\/yoast-seo-wordpress\/ -->\n<title>Points de vue + points selfie - Cardona Turisme<\/title>\n<meta name=\"description\" content=\"Prenez la meilleure photo de vous \u00e0 Cardona en parcourant les points de vue les plus spectaculaires. Une route id\u00e9ale pour appr\u00e9cier le paysage de Cardona\u202f!\" \/>\n<meta name=\"robots\" content=\"index, follow, max-snippet:-1, max-image-preview:large, max-video-preview:-1\" \/>\n<link rel=\"canonical\" href=\"https:\/\/cardonaturisme.cat\/fr\/activitats\/points-de-vue-points-selfie\/\" \/>\n<meta property=\"og:locale\" content=\"fr_FR\" \/>\n<meta property=\"og:type\" content=\"article\" \/>\n<meta property=\"og:title\" content=\"Points de vue + points selfie - Cardona Turisme\" \/>\n<meta property=\"og:description\" content=\"Prenez la meilleure photo de vous \u00e0 Cardona en parcourant les points de vue les plus spectaculaires. Une route id\u00e9ale pour appr\u00e9cier le paysage de Cardona\u202f!\" \/>\n<meta property=\"og:url\" content=\"https:\/\/cardonaturisme.cat\/fr\/activitats\/points-de-vue-points-selfie\/\" \/>\n<meta property=\"og:site_name\" content=\"Cardona Turisme\" \/>\n<meta property=\"article:publisher\" content=\"https:\/\/www.facebook.com\/p\/Fundaci-Cardona-Histrica-100063704192069\/\" \/>\n<meta property=\"article:modified_time\" content=\"2025-06-30T15:05:51+00:00\" \/>\n<meta property=\"og:image\" content=\"https:\/\/cardonaturisme.cat\/wp-content\/uploads\/2023\/10\/miradors-1.jpg\" \/>\n\t<meta property=\"og:image:width\" content=\"1000\" \/>\n\t<meta property=\"og:image:height\" content=\"600\" \/>\n\t<meta property=\"og:image:type\" content=\"image\/jpeg\" \/>\n<meta name=\"twitter:card\" content=\"summary_large_image\" \/>\n<meta name=\"twitter:site\" content=\"@cardonaturisme\" \/>\n<meta name=\"twitter:label1\" content=\"Dur\u00e9e de lecture estim\u00e9e\" \/>\n\t<meta name=\"twitter:data1\" content=\"4 minutes\" \/>\n<script type=\"application\/ld+json\" class=\"yoast-schema-graph\">{\"@context\":\"https:\\\/\\\/schema.org\",\"@graph\":[{\"@type\":\"WebPage\",\"@id\":\"https:\\\/\\\/cardonaturisme.cat\\\/fr\\\/activitats\\\/points-de-vue-points-selfie\\\/\",\"url\":\"https:\\\/\\\/cardonaturisme.cat\\\/fr\\\/activitats\\\/points-de-vue-points-selfie\\\/\",\"name\":\"Points de vue + points selfie - Cardona Turisme\",\"isPartOf\":{\"@id\":\"https:\\\/\\\/cardonaturisme.cat\\\/fr\\\/#website\"},\"primaryImageOfPage\":{\"@id\":\"https:\\\/\\\/cardonaturisme.cat\\\/fr\\\/activitats\\\/points-de-vue-points-selfie\\\/#primaryimage\"},\"image\":{\"@id\":\"https:\\\/\\\/cardonaturisme.cat\\\/fr\\\/activitats\\\/points-de-vue-points-selfie\\\/#primaryimage\"},\"thumbnailUrl\":\"https:\\\/\\\/cardonaturisme.cat\\\/wp-content\\\/uploads\\\/2023\\\/10\\\/miradors-1.jpg\",\"datePublished\":\"2023-10-10T19:41:05+00:00\",\"dateModified\":\"2025-06-30T15:05:51+00:00\",\"description\":\"Prenez la meilleure photo de vous \u00e0 Cardona en parcourant les points de vue les plus spectaculaires. Une route id\u00e9ale pour appr\u00e9cier le paysage de Cardona\u202f!\",\"breadcrumb\":{\"@id\":\"https:\\\/\\\/cardonaturisme.cat\\\/fr\\\/activitats\\\/points-de-vue-points-selfie\\\/#breadcrumb\"},\"inLanguage\":\"fr-FR\",\"potentialAction\":[{\"@type\":\"ReadAction\",\"target\":[\"https:\\\/\\\/cardonaturisme.cat\\\/fr\\\/activitats\\\/points-de-vue-points-selfie\\\/\"]}]},{\"@type\":\"ImageObject\",\"inLanguage\":\"fr-FR\",\"@id\":\"https:\\\/\\\/cardonaturisme.cat\\\/fr\\\/activitats\\\/points-de-vue-points-selfie\\\/#primaryimage\",\"url\":\"https:\\\/\\\/cardonaturisme.cat\\\/wp-content\\\/uploads\\\/2023\\\/10\\\/miradors-1.jpg\",\"contentUrl\":\"https:\\\/\\\/cardonaturisme.cat\\\/wp-content\\\/uploads\\\/2023\\\/10\\\/miradors-1.jpg\",\"width\":1000,\"height\":600},{\"@type\":\"BreadcrumbList\",\"@id\":\"https:\\\/\\\/cardonaturisme.cat\\\/fr\\\/activitats\\\/points-de-vue-points-selfie\\\/#breadcrumb\",\"itemListElement\":[{\"@type\":\"ListItem\",\"position\":1,\"name\":\"Inici\",\"item\":\"https:\\\/\\\/cardonaturisme.cat\\\/fr\\\/\"},{\"@type\":\"ListItem\",\"position\":2,\"name\":\"Activitats\",\"item\":\"https:\\\/\\\/cardonaturisme.cat\\\/fr\\\/activitats\\\/\"},{\"@type\":\"ListItem\",\"position\":3,\"name\":\"Points de vue + points selfie\"}]},{\"@type\":\"WebSite\",\"@id\":\"https:\\\/\\\/cardonaturisme.cat\\\/fr\\\/#website\",\"url\":\"https:\\\/\\\/cardonaturisme.cat\\\/fr\\\/\",\"name\":\"Cardona Turisme\",\"description\":\"La teva hist\u00f2ria\",\"publisher\":{\"@id\":\"https:\\\/\\\/cardonaturisme.cat\\\/fr\\\/#organization\"},\"potentialAction\":[{\"@type\":\"SearchAction\",\"target\":{\"@type\":\"EntryPoint\",\"urlTemplate\":\"https:\\\/\\\/cardonaturisme.cat\\\/fr\\\/?s={search_term_string}\"},\"query-input\":{\"@type\":\"PropertyValueSpecification\",\"valueRequired\":true,\"valueName\":\"search_term_string\"}}],\"inLanguage\":\"fr-FR\"},{\"@type\":\"Organization\",\"@id\":\"https:\\\/\\\/cardonaturisme.cat\\\/fr\\\/#organization\",\"name\":\"Cardona Turisme\",\"url\":\"https:\\\/\\\/cardonaturisme.cat\\\/fr\\\/\",\"logo\":{\"@type\":\"ImageObject\",\"inLanguage\":\"fr-FR\",\"@id\":\"https:\\\/\\\/cardonaturisme.cat\\\/fr\\\/#\\\/schema\\\/logo\\\/image\\\/\",\"url\":\"https:\\\/\\\/cardonaturisme.cat\\\/wp-content\\\/uploads\\\/2023\\\/10\\\/logo-vermell-cardonaturisme.svg\",\"contentUrl\":\"https:\\\/\\\/cardonaturisme.cat\\\/wp-content\\\/uploads\\\/2023\\\/10\\\/logo-vermell-cardonaturisme.svg\",\"caption\":\"Cardona Turisme\"},\"image\":{\"@id\":\"https:\\\/\\\/cardonaturisme.cat\\\/fr\\\/#\\\/schema\\\/logo\\\/image\\\/\"},\"sameAs\":[\"https:\\\/\\\/www.facebook.com\\\/p\\\/Fundaci-Cardona-Histrica-100063704192069\\\/\",\"https:\\\/\\\/x.com\\\/cardonaturisme\"]}]}<\/script>\n<!-- \/ Yoast SEO plugin. -->","yoast_head_json":{"title":"Points de vue + points selfie - Cardona Turisme","description":"Prenez la meilleure photo de vous \u00e0 Cardona en parcourant les points de vue les plus spectaculaires. Une route id\u00e9ale pour appr\u00e9cier le paysage de Cardona\u202f!","robots":{"index":"index","follow":"follow","max-snippet":"max-snippet:-1","max-image-preview":"max-image-preview:large","max-video-preview":"max-video-preview:-1"},"canonical":"https:\/\/cardonaturisme.cat\/fr\/activitats\/points-de-vue-points-selfie\/","og_locale":"fr_FR","og_type":"article","og_title":"Points de vue + points selfie - Cardona Turisme","og_description":"Prenez la meilleure photo de vous \u00e0 Cardona en parcourant les points de vue les plus spectaculaires. Une route id\u00e9ale pour appr\u00e9cier le paysage de Cardona\u202f!","og_url":"https:\/\/cardonaturisme.cat\/fr\/activitats\/points-de-vue-points-selfie\/","og_site_name":"Cardona Turisme","article_publisher":"https:\/\/www.facebook.com\/p\/Fundaci-Cardona-Histrica-100063704192069\/","article_modified_time":"2025-06-30T15:05:51+00:00","og_image":[{"width":1000,"height":600,"url":"https:\/\/cardonaturisme.cat\/wp-content\/uploads\/2023\/10\/miradors-1.jpg","type":"image\/jpeg"}],"twitter_card":"summary_large_image","twitter_site":"@cardonaturisme","twitter_misc":{"Dur\u00e9e de lecture estim\u00e9e":"4 minutes"},"schema":{"@context":"https:\/\/schema.org","@graph":[{"@type":"WebPage","@id":"https:\/\/cardonaturisme.cat\/fr\/activitats\/points-de-vue-points-selfie\/","url":"https:\/\/cardonaturisme.cat\/fr\/activitats\/points-de-vue-points-selfie\/","name":"Points de vue + points selfie - Cardona Turisme","isPartOf":{"@id":"https:\/\/cardonaturisme.cat\/fr\/#website"},"primaryImageOfPage":{"@id":"https:\/\/cardonaturisme.cat\/fr\/activitats\/points-de-vue-points-selfie\/#primaryimage"},"image":{"@id":"https:\/\/cardonaturisme.cat\/fr\/activitats\/points-de-vue-points-selfie\/#primaryimage"},"thumbnailUrl":"https:\/\/cardonaturisme.cat\/wp-content\/uploads\/2023\/10\/miradors-1.jpg","datePublished":"2023-10-10T19:41:05+00:00","dateModified":"2025-06-30T15:05:51+00:00","description":"Prenez la meilleure photo de vous \u00e0 Cardona en parcourant les points de vue les plus spectaculaires. Une route id\u00e9ale pour appr\u00e9cier le paysage de Cardona\u202f!","breadcrumb":{"@id":"https:\/\/cardonaturisme.cat\/fr\/activitats\/points-de-vue-points-selfie\/#breadcrumb"},"inLanguage":"fr-FR","potentialAction":[{"@type":"ReadAction","target":["https:\/\/cardonaturisme.cat\/fr\/activitats\/points-de-vue-points-selfie\/"]}]},{"@type":"ImageObject","inLanguage":"fr-FR","@id":"https:\/\/cardonaturisme.cat\/fr\/activitats\/points-de-vue-points-selfie\/#primaryimage","url":"https:\/\/cardonaturisme.cat\/wp-content\/uploads\/2023\/10\/miradors-1.jpg","contentUrl":"https:\/\/cardonaturisme.cat\/wp-content\/uploads\/2023\/10\/miradors-1.jpg","width":1000,"height":600},{"@type":"BreadcrumbList","@id":"https:\/\/cardonaturisme.cat\/fr\/activitats\/points-de-vue-points-selfie\/#breadcrumb","itemListElement":[{"@type":"ListItem","position":1,"name":"Inici","item":"https:\/\/cardonaturisme.cat\/fr\/"},{"@type":"ListItem","position":2,"name":"Activitats","item":"https:\/\/cardonaturisme.cat\/fr\/activitats\/"},{"@type":"ListItem","position":3,"name":"Points de vue + points selfie"}]},{"@type":"WebSite","@id":"https:\/\/cardonaturisme.cat\/fr\/#website","url":"https:\/\/cardonaturisme.cat\/fr\/","name":"Cardona Turisme","description":"La teva hist\u00f2ria","publisher":{"@id":"https:\/\/cardonaturisme.cat\/fr\/#organization"},"potentialAction":[{"@type":"SearchAction","target":{"@type":"EntryPoint","urlTemplate":"https:\/\/cardonaturisme.cat\/fr\/?s={search_term_string}"},"query-input":{"@type":"PropertyValueSpecification","valueRequired":true,"valueName":"search_term_string"}}],"inLanguage":"fr-FR"},{"@type":"Organization","@id":"https:\/\/cardonaturisme.cat\/fr\/#organization","name":"Cardona Turisme","url":"https:\/\/cardonaturisme.cat\/fr\/","logo":{"@type":"ImageObject","inLanguage":"fr-FR","@id":"https:\/\/cardonaturisme.cat\/fr\/#\/schema\/logo\/image\/","url":"https:\/\/cardonaturisme.cat\/wp-content\/uploads\/2023\/10\/logo-vermell-cardonaturisme.svg","contentUrl":"https:\/\/cardonaturisme.cat\/wp-content\/uploads\/2023\/10\/logo-vermell-cardonaturisme.svg","caption":"Cardona Turisme"},"image":{"@id":"https:\/\/cardonaturisme.cat\/fr\/#\/schema\/logo\/image\/"},"sameAs":["https:\/\/www.facebook.com\/p\/Fundaci-Cardona-Histrica-100063704192069\/","https:\/\/x.com\/cardonaturisme"]}]}},"_links":{"self":[{"href":"https:\/\/cardonaturisme.cat\/fr\/wp-json\/wp\/v2\/activitats\/16620","targetHints":{"allow":["GET"]}}],"collection":[{"href":"https:\/\/cardonaturisme.cat\/fr\/wp-json\/wp\/v2\/activitats"}],"about":[{"href":"https:\/\/cardonaturisme.cat\/fr\/wp-json\/wp\/v2\/types\/activitats"}],"wp:featuredmedia":[{"embeddable":true,"href":"https:\/\/cardonaturisme.cat\/fr\/wp-json\/wp\/v2\/media\/2746"}],"wp:attachment":[{"href":"https:\/\/cardonaturisme.cat\/fr\/wp-json\/wp\/v2\/media?parent=16620"}],"wp:term":[{"taxonomy":"public-categoria","embeddable":true,"href":"https:\/\/cardonaturisme.cat\/fr\/wp-json\/wp\/v2\/public-categoria?post=16620"},{"taxonomy":"visitant","embeddable":true,"href":"https:\/\/cardonaturisme.cat\/fr\/wp-json\/wp\/v2\/visitant?post=16620"}],"curies":[{"name":"wp","href":"https:\/\/api.w.org\/{rel}","templated":true}]}}