{"id":16611,"date":"2023-10-21T21:39:24","date_gmt":"2023-10-21T19:39:24","guid":{"rendered":"https:\/\/cardonaturisme.cat\/?post_type=activitats&#038;p=16611"},"modified":"2025-06-30T16:48:34","modified_gmt":"2025-06-30T14:48:34","slug":"visite-guidee-du-centre-historique","status":"publish","type":"activitats","link":"https:\/\/cardonaturisme.cat\/fr\/activitats\/visite-guidee-du-centre-historique\/","title":{"rendered":"Visite guid\u00e9e du Centre Historique"},"content":{"rendered":"\n<h4 class=\"wp-block-heading\">Description:<\/h4>\n\n\n\n<p>La visite consiste dans un itin\u00e9raire guid\u00e9 \u00e0 travers les espaces et \u00e9difices les plus repr\u00e9sentatifs du centre historique, qui culmine par la visite du temple paroissial de Sant Miquel et sa magnifique nef gothique.&nbsp;La visite commence au Centre Cardona M\u00e9di\u00e9val. L\u00e0 sera projet\u00e9 l\u2019audiovisuel \u201cLes Cardona, seigneurs du sel\u201d. La Charte de Peuplement de Cardona (986) servira de point de d\u00e9part pour initier un parcours \u00e0 travers les lieux les plus singuliers et embl\u00e9matiques du centre historique. Dur\u00e9e&nbsp;approximative : 1 heure 30 min.<\/p>\n\n\n\n<p>Les horaires de la visite guid\u00e9e peuvent varier en fonction des actes priv\u00e9s dans l\u2019\u00e9glise de Sant Miquel.<\/p>\n\n\n\n<h4 class=\"wp-block-heading\">Prix:<\/h4>\n\n\n\n<p>Adultes: 5 \u20ac<\/p>\n\n\n\n<p>Retrait\u00e9s: 4 \u20ac<\/p>\n\n\n\n<p>Enfants de 7 \u00e0 11 ans: 3 \u20ac<\/p>\n\n\n\n<h4 class=\"wp-block-heading\"><strong>Vous souhaitez une visite priv\u00e9e avec votre groupe ?<\/strong><\/h4>\n\n\n\n<p>Une visite guid\u00e9e priv\u00e9e pour vous et votre groupe ! La Fondation offre la possibilit\u00e9 de convenir du service de guide pour des groupes concrets, toujours sur r\u00e9servation. La date et l\u2019heure de la visite guid\u00e9e seront convenues toujours selon les besoins du groupe et la disponibilit\u00e9 de la Fondation. Veuillez remplir<a href=\"http:\/\/entrades.cardonaturisme.cat\/ca\/grups\" target=\"_blank\" rel=\"noreferrer noopener\">&nbsp;le formulaire suivant<\/a>&nbsp;et, en 48-72 heures maximum, nous \u00e9tudierons la demande et vous contacterons.<\/p>\n\n\n\n<h4 class=\"wp-block-heading\">Bon \u00e0 savoir\u2026<\/h4>\n\n\n\n<ul class=\"wp-block-list\">\n<li>Respectez la capacit\u00e9 limit\u00e9e.<\/li>\n\n\n\n<li>Effectuez de pr\u00e9f\u00e9rence le paiement par carte<\/li>\n\n\n\n<li>Portez des chaussures confortables<\/li>\n<\/ul>\n\n\n\n<h4 class=\"wp-block-heading\"><strong>Accessibilit\u00e9 :<\/strong><\/h4>\n\n\n\n<ul class=\"wp-block-list\">\n<li>Le parcours est adapt\u00e9 aux personnes \u00e0 mobilit\u00e9 r\u00e9duite.<\/li>\n<\/ul>\n\n\n\n<h4 class=\"wp-block-heading\"><strong>Services:<\/strong><\/h4>\n\n\n\n<p>Espace boutique<\/p>\n\n\n\n<p>Services publiques<\/p>\n","protected":false},"featured_media":2776,"parent":0,"template":"","public-categoria":[165],"visitant":[181,180],"class_list":["post-16611","activitats","type-activitats","status-publish","has-post-thumbnail","hentry","public-categoria-centre-historique","visitant-couple-fr","visitant-groupe"],"acf":[],"yoast_head":"<!-- This site is optimized with the Yoast SEO plugin v27.4 - https:\/\/yoast.com\/product\/yoast-seo-wordpress\/ -->\n<title>Visite guid\u00e9e du Centre Historique - Cardona Turisme<\/title>\n<meta name=\"description\" content=\"Parcourez les lieux et monuments les plus embl\u00e9matiques de cette ville m\u00e9di\u00e9vale lors d\u2019un itin\u00e9raire guid\u00e9. Laissez-vous surprendre et vivez l\u2019histoire de Cardona!\" \/>\n<meta name=\"robots\" content=\"index, follow, max-snippet:-1, max-image-preview:large, max-video-preview:-1\" \/>\n<link rel=\"canonical\" href=\"https:\/\/cardonaturisme.cat\/fr\/activitats\/visite-guidee-du-centre-historique\/\" \/>\n<meta property=\"og:locale\" content=\"fr_FR\" \/>\n<meta property=\"og:type\" content=\"article\" \/>\n<meta property=\"og:title\" content=\"Visite guid\u00e9e du Centre Historique - Cardona Turisme\" \/>\n<meta property=\"og:description\" content=\"Parcourez les lieux et monuments les plus embl\u00e9matiques de cette ville m\u00e9di\u00e9vale lors d\u2019un itin\u00e9raire guid\u00e9. Laissez-vous surprendre et vivez l\u2019histoire de Cardona!\" \/>\n<meta property=\"og:url\" content=\"https:\/\/cardonaturisme.cat\/fr\/activitats\/visite-guidee-du-centre-historique\/\" \/>\n<meta property=\"og:site_name\" content=\"Cardona Turisme\" \/>\n<meta property=\"article:publisher\" content=\"https:\/\/www.facebook.com\/p\/Fundaci-Cardona-Histrica-100063704192069\/\" \/>\n<meta property=\"article:modified_time\" content=\"2025-06-30T14:48:34+00:00\" \/>\n<meta property=\"og:image\" content=\"https:\/\/cardonaturisme.cat\/wp-content\/uploads\/2023\/10\/ccm-2.jpg\" \/>\n\t<meta property=\"og:image:width\" content=\"1000\" \/>\n\t<meta property=\"og:image:height\" content=\"600\" \/>\n\t<meta property=\"og:image:type\" content=\"image\/jpeg\" \/>\n<meta name=\"twitter:card\" content=\"summary_large_image\" \/>\n<meta name=\"twitter:site\" content=\"@cardonaturisme\" \/>\n<meta name=\"twitter:label1\" content=\"Dur\u00e9e de lecture estim\u00e9e\" \/>\n\t<meta name=\"twitter:data1\" content=\"2 minutes\" \/>\n<script type=\"application\/ld+json\" class=\"yoast-schema-graph\">{\"@context\":\"https:\\\/\\\/schema.org\",\"@graph\":[{\"@type\":\"WebPage\",\"@id\":\"https:\\\/\\\/cardonaturisme.cat\\\/fr\\\/activitats\\\/visite-guidee-du-centre-historique\\\/\",\"url\":\"https:\\\/\\\/cardonaturisme.cat\\\/fr\\\/activitats\\\/visite-guidee-du-centre-historique\\\/\",\"name\":\"Visite guid\u00e9e du Centre Historique - Cardona Turisme\",\"isPartOf\":{\"@id\":\"https:\\\/\\\/cardonaturisme.cat\\\/fr\\\/#website\"},\"primaryImageOfPage\":{\"@id\":\"https:\\\/\\\/cardonaturisme.cat\\\/fr\\\/activitats\\\/visite-guidee-du-centre-historique\\\/#primaryimage\"},\"image\":{\"@id\":\"https:\\\/\\\/cardonaturisme.cat\\\/fr\\\/activitats\\\/visite-guidee-du-centre-historique\\\/#primaryimage\"},\"thumbnailUrl\":\"https:\\\/\\\/cardonaturisme.cat\\\/wp-content\\\/uploads\\\/2023\\\/10\\\/ccm-2.jpg\",\"datePublished\":\"2023-10-21T19:39:24+00:00\",\"dateModified\":\"2025-06-30T14:48:34+00:00\",\"description\":\"Parcourez les lieux et monuments les plus embl\u00e9matiques de cette ville m\u00e9di\u00e9vale lors d\u2019un itin\u00e9raire guid\u00e9. Laissez-vous surprendre et vivez l\u2019histoire de Cardona!\",\"breadcrumb\":{\"@id\":\"https:\\\/\\\/cardonaturisme.cat\\\/fr\\\/activitats\\\/visite-guidee-du-centre-historique\\\/#breadcrumb\"},\"inLanguage\":\"fr-FR\",\"potentialAction\":[{\"@type\":\"ReadAction\",\"target\":[\"https:\\\/\\\/cardonaturisme.cat\\\/fr\\\/activitats\\\/visite-guidee-du-centre-historique\\\/\"]}]},{\"@type\":\"ImageObject\",\"inLanguage\":\"fr-FR\",\"@id\":\"https:\\\/\\\/cardonaturisme.cat\\\/fr\\\/activitats\\\/visite-guidee-du-centre-historique\\\/#primaryimage\",\"url\":\"https:\\\/\\\/cardonaturisme.cat\\\/wp-content\\\/uploads\\\/2023\\\/10\\\/ccm-2.jpg\",\"contentUrl\":\"https:\\\/\\\/cardonaturisme.cat\\\/wp-content\\\/uploads\\\/2023\\\/10\\\/ccm-2.jpg\",\"width\":1000,\"height\":600},{\"@type\":\"BreadcrumbList\",\"@id\":\"https:\\\/\\\/cardonaturisme.cat\\\/fr\\\/activitats\\\/visite-guidee-du-centre-historique\\\/#breadcrumb\",\"itemListElement\":[{\"@type\":\"ListItem\",\"position\":1,\"name\":\"Inici\",\"item\":\"https:\\\/\\\/cardonaturisme.cat\\\/fr\\\/\"},{\"@type\":\"ListItem\",\"position\":2,\"name\":\"Activitats\",\"item\":\"https:\\\/\\\/cardonaturisme.cat\\\/fr\\\/activitats\\\/\"},{\"@type\":\"ListItem\",\"position\":3,\"name\":\"Visite guid\u00e9e du Centre Historique\"}]},{\"@type\":\"WebSite\",\"@id\":\"https:\\\/\\\/cardonaturisme.cat\\\/fr\\\/#website\",\"url\":\"https:\\\/\\\/cardonaturisme.cat\\\/fr\\\/\",\"name\":\"Cardona Turisme\",\"description\":\"La teva hist\u00f2ria\",\"publisher\":{\"@id\":\"https:\\\/\\\/cardonaturisme.cat\\\/fr\\\/#organization\"},\"potentialAction\":[{\"@type\":\"SearchAction\",\"target\":{\"@type\":\"EntryPoint\",\"urlTemplate\":\"https:\\\/\\\/cardonaturisme.cat\\\/fr\\\/?s={search_term_string}\"},\"query-input\":{\"@type\":\"PropertyValueSpecification\",\"valueRequired\":true,\"valueName\":\"search_term_string\"}}],\"inLanguage\":\"fr-FR\"},{\"@type\":\"Organization\",\"@id\":\"https:\\\/\\\/cardonaturisme.cat\\\/fr\\\/#organization\",\"name\":\"Cardona Turisme\",\"url\":\"https:\\\/\\\/cardonaturisme.cat\\\/fr\\\/\",\"logo\":{\"@type\":\"ImageObject\",\"inLanguage\":\"fr-FR\",\"@id\":\"https:\\\/\\\/cardonaturisme.cat\\\/fr\\\/#\\\/schema\\\/logo\\\/image\\\/\",\"url\":\"https:\\\/\\\/cardonaturisme.cat\\\/wp-content\\\/uploads\\\/2023\\\/10\\\/logo-vermell-cardonaturisme.svg\",\"contentUrl\":\"https:\\\/\\\/cardonaturisme.cat\\\/wp-content\\\/uploads\\\/2023\\\/10\\\/logo-vermell-cardonaturisme.svg\",\"caption\":\"Cardona Turisme\"},\"image\":{\"@id\":\"https:\\\/\\\/cardonaturisme.cat\\\/fr\\\/#\\\/schema\\\/logo\\\/image\\\/\"},\"sameAs\":[\"https:\\\/\\\/www.facebook.com\\\/p\\\/Fundaci-Cardona-Histrica-100063704192069\\\/\",\"https:\\\/\\\/x.com\\\/cardonaturisme\"]}]}<\/script>\n<!-- \/ Yoast SEO plugin. -->","yoast_head_json":{"title":"Visite guid\u00e9e du Centre Historique - Cardona Turisme","description":"Parcourez les lieux et monuments les plus embl\u00e9matiques de cette ville m\u00e9di\u00e9vale lors d\u2019un itin\u00e9raire guid\u00e9. Laissez-vous surprendre et vivez l\u2019histoire de Cardona!","robots":{"index":"index","follow":"follow","max-snippet":"max-snippet:-1","max-image-preview":"max-image-preview:large","max-video-preview":"max-video-preview:-1"},"canonical":"https:\/\/cardonaturisme.cat\/fr\/activitats\/visite-guidee-du-centre-historique\/","og_locale":"fr_FR","og_type":"article","og_title":"Visite guid\u00e9e du Centre Historique - Cardona Turisme","og_description":"Parcourez les lieux et monuments les plus embl\u00e9matiques de cette ville m\u00e9di\u00e9vale lors d\u2019un itin\u00e9raire guid\u00e9. Laissez-vous surprendre et vivez l\u2019histoire de Cardona!","og_url":"https:\/\/cardonaturisme.cat\/fr\/activitats\/visite-guidee-du-centre-historique\/","og_site_name":"Cardona Turisme","article_publisher":"https:\/\/www.facebook.com\/p\/Fundaci-Cardona-Histrica-100063704192069\/","article_modified_time":"2025-06-30T14:48:34+00:00","og_image":[{"width":1000,"height":600,"url":"https:\/\/cardonaturisme.cat\/wp-content\/uploads\/2023\/10\/ccm-2.jpg","type":"image\/jpeg"}],"twitter_card":"summary_large_image","twitter_site":"@cardonaturisme","twitter_misc":{"Dur\u00e9e de lecture estim\u00e9e":"2 minutes"},"schema":{"@context":"https:\/\/schema.org","@graph":[{"@type":"WebPage","@id":"https:\/\/cardonaturisme.cat\/fr\/activitats\/visite-guidee-du-centre-historique\/","url":"https:\/\/cardonaturisme.cat\/fr\/activitats\/visite-guidee-du-centre-historique\/","name":"Visite guid\u00e9e du Centre Historique - Cardona Turisme","isPartOf":{"@id":"https:\/\/cardonaturisme.cat\/fr\/#website"},"primaryImageOfPage":{"@id":"https:\/\/cardonaturisme.cat\/fr\/activitats\/visite-guidee-du-centre-historique\/#primaryimage"},"image":{"@id":"https:\/\/cardonaturisme.cat\/fr\/activitats\/visite-guidee-du-centre-historique\/#primaryimage"},"thumbnailUrl":"https:\/\/cardonaturisme.cat\/wp-content\/uploads\/2023\/10\/ccm-2.jpg","datePublished":"2023-10-21T19:39:24+00:00","dateModified":"2025-06-30T14:48:34+00:00","description":"Parcourez les lieux et monuments les plus embl\u00e9matiques de cette ville m\u00e9di\u00e9vale lors d\u2019un itin\u00e9raire guid\u00e9. Laissez-vous surprendre et vivez l\u2019histoire de Cardona!","breadcrumb":{"@id":"https:\/\/cardonaturisme.cat\/fr\/activitats\/visite-guidee-du-centre-historique\/#breadcrumb"},"inLanguage":"fr-FR","potentialAction":[{"@type":"ReadAction","target":["https:\/\/cardonaturisme.cat\/fr\/activitats\/visite-guidee-du-centre-historique\/"]}]},{"@type":"ImageObject","inLanguage":"fr-FR","@id":"https:\/\/cardonaturisme.cat\/fr\/activitats\/visite-guidee-du-centre-historique\/#primaryimage","url":"https:\/\/cardonaturisme.cat\/wp-content\/uploads\/2023\/10\/ccm-2.jpg","contentUrl":"https:\/\/cardonaturisme.cat\/wp-content\/uploads\/2023\/10\/ccm-2.jpg","width":1000,"height":600},{"@type":"BreadcrumbList","@id":"https:\/\/cardonaturisme.cat\/fr\/activitats\/visite-guidee-du-centre-historique\/#breadcrumb","itemListElement":[{"@type":"ListItem","position":1,"name":"Inici","item":"https:\/\/cardonaturisme.cat\/fr\/"},{"@type":"ListItem","position":2,"name":"Activitats","item":"https:\/\/cardonaturisme.cat\/fr\/activitats\/"},{"@type":"ListItem","position":3,"name":"Visite guid\u00e9e du Centre Historique"}]},{"@type":"WebSite","@id":"https:\/\/cardonaturisme.cat\/fr\/#website","url":"https:\/\/cardonaturisme.cat\/fr\/","name":"Cardona Turisme","description":"La teva hist\u00f2ria","publisher":{"@id":"https:\/\/cardonaturisme.cat\/fr\/#organization"},"potentialAction":[{"@type":"SearchAction","target":{"@type":"EntryPoint","urlTemplate":"https:\/\/cardonaturisme.cat\/fr\/?s={search_term_string}"},"query-input":{"@type":"PropertyValueSpecification","valueRequired":true,"valueName":"search_term_string"}}],"inLanguage":"fr-FR"},{"@type":"Organization","@id":"https:\/\/cardonaturisme.cat\/fr\/#organization","name":"Cardona Turisme","url":"https:\/\/cardonaturisme.cat\/fr\/","logo":{"@type":"ImageObject","inLanguage":"fr-FR","@id":"https:\/\/cardonaturisme.cat\/fr\/#\/schema\/logo\/image\/","url":"https:\/\/cardonaturisme.cat\/wp-content\/uploads\/2023\/10\/logo-vermell-cardonaturisme.svg","contentUrl":"https:\/\/cardonaturisme.cat\/wp-content\/uploads\/2023\/10\/logo-vermell-cardonaturisme.svg","caption":"Cardona Turisme"},"image":{"@id":"https:\/\/cardonaturisme.cat\/fr\/#\/schema\/logo\/image\/"},"sameAs":["https:\/\/www.facebook.com\/p\/Fundaci-Cardona-Histrica-100063704192069\/","https:\/\/x.com\/cardonaturisme"]}]}},"_links":{"self":[{"href":"https:\/\/cardonaturisme.cat\/fr\/wp-json\/wp\/v2\/activitats\/16611","targetHints":{"allow":["GET"]}}],"collection":[{"href":"https:\/\/cardonaturisme.cat\/fr\/wp-json\/wp\/v2\/activitats"}],"about":[{"href":"https:\/\/cardonaturisme.cat\/fr\/wp-json\/wp\/v2\/types\/activitats"}],"wp:featuredmedia":[{"embeddable":true,"href":"https:\/\/cardonaturisme.cat\/fr\/wp-json\/wp\/v2\/media\/2776"}],"wp:attachment":[{"href":"https:\/\/cardonaturisme.cat\/fr\/wp-json\/wp\/v2\/media?parent=16611"}],"wp:term":[{"taxonomy":"public-categoria","embeddable":true,"href":"https:\/\/cardonaturisme.cat\/fr\/wp-json\/wp\/v2\/public-categoria?post=16611"},{"taxonomy":"visitant","embeddable":true,"href":"https:\/\/cardonaturisme.cat\/fr\/wp-json\/wp\/v2\/visitant?post=16611"}],"curies":[{"name":"wp","href":"https:\/\/api.w.org\/{rel}","templated":true}]}}