{"id":16554,"date":"2023-10-20T13:17:57","date_gmt":"2023-10-20T11:17:57","guid":{"rendered":"https:\/\/cardonaturisme.cat\/?post_type=activitats&#038;p=16554"},"modified":"2025-06-30T16:50:07","modified_gmt":"2025-06-30T14:50:07","slug":"geotok-la-huitieme-merveille","status":"publish","type":"activitats","link":"https:\/\/cardonaturisme.cat\/fr\/activitats\/geotok-la-huitieme-merveille\/","title":{"rendered":"Geotok, la huiti\u00e8me merveille"},"content":{"rendered":"\n<h4 class=\"wp-block-heading\">Description :<\/h4>\n\n\n\n<p>\u00ab GeoTok, la \u00ab huiti\u00e8me merveille \u00bb est une visite th\u00e9\u00e2tralis\u00e9e ax\u00e9e sur le public familial, \u00e0 la d\u00e9couverte de la formation et de l\u2019histoire de la Montagne de sel de Cardona. Les activit\u00e9s propos\u00e9es se distinguent par leur format tr\u00e8s agr\u00e9able et amusant, sans oublier leur riche contenu, et c\u2019est pourquoi elles sont id\u00e9ales pour toute la famille.<strong> Visite en CATALAN.<\/strong><\/p>\n\n\n\n<h4 class=\"wp-block-heading\">R\u00c9SUM\u00c9<\/h4>\n\n\n\n<p>Les GeoTeam sont un groupe de g\u00e9ologues TikTokers qui se sont propos\u00e9s de participer au d\u00e9fi mondial #EighthWonder, \u00e0 la recherche de la huiti\u00e8me merveille du monde, et ont d\u00e9cid\u00e9 de parier sur la Montagne de sel de Cardona. Un membre de l\u2019\u00e9quipe, Agate, Morganite, Onyx ou Jaspe (pseudonymes bas\u00e9s sur des noms de min\u00e9raux), se faufilera dans la visite pour entrer dans le diapir et mener \u00e0 bien le point culminant du d\u00e9fi\u2026 et c\u2019est l\u00e0 que les choses tourneront mal. Notre tiktoker est accompagn\u00e9 d\u2019un assistant virtuel de derni\u00e8re g\u00e9n\u00e9ration, le 1000iU (Miliu), qui participera activement \u00e0 la mission, mais ne le fera pas toujours comme pr\u00e9vu.<\/p>\n\n\n\n<h4 class=\"wp-block-heading\">Horaires<\/h4>\n\n\n\n<p>Les week-ends et jours f\u00e9ri\u00e9s !<\/p>\n\n\n\n<h4 class=\"wp-block-heading\"><strong>Prix :<\/strong><\/h4>\n\n\n\n<ul class=\"wp-block-list\">\n<li>Adultes : 14 \u20ac<\/li>\n\n\n\n<li>Retrait\u00e9s : 12 \u20ac<\/li>\n\n\n\n<li>Enfants de 5 \u00e0 11 ans : 8 \u20ac<\/li>\n\n\n\n<li>Enfants de 2 \u00e0 4 ans : 4 \u20ac<\/li>\n<\/ul>\n\n\n\n<h4 class=\"wp-block-heading\">Vous souhaitez une visite priv\u00e9e avec votre groupe ?<\/h4>\n\n\n\n<p>Une visite guid\u00e9e priv\u00e9e pour vous et votre groupe ! La Fondation offre la possibilit\u00e9 de convenir du service de guide pour des groupes sp\u00e9cifiques, toujours sur r\u00e9servation. La date et l\u2019heure de la visite guid\u00e9e seront toujours convenues selon les besoins du groupe et la disponibilit\u00e9 de la Fondation.<\/p>\n\n\n\n<p><a href=\"http:\/\/entrades.cardonaturisme.cat\/fr\/grups\" target=\"_blank\" rel=\"noreferrer noopener\">Remplissez le formulaire ci-dessous.<\/a>&nbsp;Nous examinerons votre demande et vous contacterons dans un d\u00e9lai maximum de 48 \u00e0 72 heures.<\/p>\n\n\n\n<ul class=\"wp-block-list\">\n<li>Groupes adultes : 12 \u20ac ( minimum 25 adultes)<\/li>\n\n\n\n<li>Groupes scolaires : 10 \u20ac<\/li>\n<\/ul>\n\n\n\n<h4 class=\"wp-block-heading\">Bon \u00e0 savoir\u2026<\/h4>\n\n\n\n<ul class=\"wp-block-list\">\n<li>Le port du casque est obligatoire pour tous les visiteurs (y compris les enfants et personnes mineures).<\/li>\n\n\n\n<li>&nbsp;Il est interdit de prendre des photos ou de filmer, \u00e0 l\u2019exception de la zone indiqu\u00e9e par le guide.<\/li>\n\n\n\n<li>Les animaux ne sont pas autoris\u00e9s dans l\u2019enceinte.<\/li>\n\n\n\n<li>Il n\u2019est pas permis de descendre dans la mine avec des poussettes.<\/li>\n\n\n\n<li>La Montagne de sel a une capacit\u00e9 limit\u00e9e qui est scrupuleusement respect\u00e9e afin de garantir son bon \u00e9tat naturel.<\/li>\n\n\n\n<li>Temp\u00e9rature : 17 \u00b0C.<\/li>\n\n\n\n<li>Il est conseill\u00e9 de se pr\u00e9senter 30 minutes avant l\u2019heure de d\u00e9but de la visite pour recevoir les indications appropri\u00e9es.<\/li>\n<\/ul>\n\n\n\n<h4 class=\"wp-block-heading\">Accessibilit\u00e9 :<\/h4>\n\n\n\n<ul class=\"wp-block-list\">\n<li>Le parc dispose d\u2019un v\u00e9hicule pr\u00e9par\u00e9 pour les personnes \u00e0 mobilit\u00e9 r\u00e9duite, toujours sur demande. Contactez-nous ici pour b\u00e9n\u00e9ficier du service (informacio@cardonaturisme.cat \/+34 93 869 24 75). La visite \u00e0 l\u2019int\u00e9rieur des galeries se fait \u00e0 pied ou en fauteuil roulant.<\/li>\n<\/ul>\n\n\n\n<ul class=\"wp-block-list\">\n<li>Le rev\u00eatement de l\u2019int\u00e9rieur des galeries de la Montagne de sel est naturel et pr\u00e9sente quelques d\u00e9nivel\u00e9s.<\/li>\n\n\n\n<li>L\u2019acc\u00e8s aux services et b\u00e2timents du parc est adapt\u00e9 aux personnes \u00e0 mobilit\u00e9 r\u00e9duite.<\/li>\n<\/ul>\n\n\n\n<h4 class=\"wp-block-heading\">Services :<\/h4>\n\n\n\n<p>Le Parc culturel de la Montagne de sel dispose de :<\/p>\n\n\n\n<ul class=\"wp-block-list\">\n<li>Espace boutique \u00ab La Botigueta \u00bb<\/li>\n\n\n\n<li>Zone pique-nique<\/li>\n\n\n\n<li>Parking gratuit<\/li>\n\n\n\n<li>B\u00e2timent des Services \u00e9ducatifs (voir informations sur la location d\u2019espaces)<\/li>\n<\/ul>\n","protected":false},"featured_media":2743,"parent":0,"template":"","public-categoria":[163],"visitant":[179],"class_list":["post-16554","activitats","type-activitats","status-publish","has-post-thumbnail","hentry","public-categoria-montagne-de-sel","visitant-famille"],"acf":[],"yoast_head":"<!-- This site is optimized with the Yoast SEO plugin v27.4 - https:\/\/yoast.com\/product\/yoast-seo-wordpress\/ -->\n<title>Geotok, la huiti\u00e8me merveille - Cardona Turisme<\/title>\n<meta name=\"description\" content=\"Rejoignez un groupe de g\u00e9ologues TikTokers pour une visite th\u00e9\u00e2tralis\u00e9e et ludique de la Montagne de Sel, sp\u00e9cialement con\u00e7ue pour les familles.\" \/>\n<meta name=\"robots\" content=\"index, follow, max-snippet:-1, max-image-preview:large, max-video-preview:-1\" \/>\n<link rel=\"canonical\" href=\"https:\/\/cardonaturisme.cat\/fr\/activitats\/geotok-la-huitieme-merveille\/\" \/>\n<meta property=\"og:locale\" content=\"fr_FR\" \/>\n<meta property=\"og:type\" content=\"article\" \/>\n<meta property=\"og:title\" content=\"Geotok, la huiti\u00e8me merveille - Cardona Turisme\" \/>\n<meta property=\"og:description\" content=\"Rejoignez un groupe de g\u00e9ologues TikTokers pour une visite th\u00e9\u00e2tralis\u00e9e et ludique de la Montagne de Sel, sp\u00e9cialement con\u00e7ue pour les familles.\" \/>\n<meta property=\"og:url\" content=\"https:\/\/cardonaturisme.cat\/fr\/activitats\/geotok-la-huitieme-merveille\/\" \/>\n<meta property=\"og:site_name\" content=\"Cardona Turisme\" \/>\n<meta property=\"article:publisher\" content=\"https:\/\/www.facebook.com\/p\/Fundaci-Cardona-Histrica-100063704192069\/\" \/>\n<meta property=\"article:modified_time\" content=\"2025-06-30T14:50:07+00:00\" \/>\n<meta property=\"og:image\" content=\"https:\/\/cardonaturisme.cat\/wp-content\/uploads\/2023\/10\/geotok-1.jpg\" \/>\n\t<meta property=\"og:image:width\" content=\"1000\" \/>\n\t<meta property=\"og:image:height\" content=\"600\" \/>\n\t<meta property=\"og:image:type\" content=\"image\/jpeg\" \/>\n<meta name=\"twitter:card\" content=\"summary_large_image\" \/>\n<meta name=\"twitter:site\" content=\"@cardonaturisme\" \/>\n<meta name=\"twitter:label1\" content=\"Dur\u00e9e de lecture estim\u00e9e\" \/>\n\t<meta name=\"twitter:data1\" content=\"3 minutes\" \/>\n<script type=\"application\/ld+json\" class=\"yoast-schema-graph\">{\"@context\":\"https:\\\/\\\/schema.org\",\"@graph\":[{\"@type\":\"WebPage\",\"@id\":\"https:\\\/\\\/cardonaturisme.cat\\\/fr\\\/activitats\\\/geotok-la-huitieme-merveille\\\/\",\"url\":\"https:\\\/\\\/cardonaturisme.cat\\\/fr\\\/activitats\\\/geotok-la-huitieme-merveille\\\/\",\"name\":\"Geotok, la huiti\u00e8me merveille - Cardona Turisme\",\"isPartOf\":{\"@id\":\"https:\\\/\\\/cardonaturisme.cat\\\/fr\\\/#website\"},\"primaryImageOfPage\":{\"@id\":\"https:\\\/\\\/cardonaturisme.cat\\\/fr\\\/activitats\\\/geotok-la-huitieme-merveille\\\/#primaryimage\"},\"image\":{\"@id\":\"https:\\\/\\\/cardonaturisme.cat\\\/fr\\\/activitats\\\/geotok-la-huitieme-merveille\\\/#primaryimage\"},\"thumbnailUrl\":\"https:\\\/\\\/cardonaturisme.cat\\\/wp-content\\\/uploads\\\/2023\\\/10\\\/geotok-1.jpg\",\"datePublished\":\"2023-10-20T11:17:57+00:00\",\"dateModified\":\"2025-06-30T14:50:07+00:00\",\"description\":\"Rejoignez un groupe de g\u00e9ologues TikTokers pour une visite th\u00e9\u00e2tralis\u00e9e et ludique de la Montagne de Sel, sp\u00e9cialement con\u00e7ue pour les familles.\",\"breadcrumb\":{\"@id\":\"https:\\\/\\\/cardonaturisme.cat\\\/fr\\\/activitats\\\/geotok-la-huitieme-merveille\\\/#breadcrumb\"},\"inLanguage\":\"fr-FR\",\"potentialAction\":[{\"@type\":\"ReadAction\",\"target\":[\"https:\\\/\\\/cardonaturisme.cat\\\/fr\\\/activitats\\\/geotok-la-huitieme-merveille\\\/\"]}]},{\"@type\":\"ImageObject\",\"inLanguage\":\"fr-FR\",\"@id\":\"https:\\\/\\\/cardonaturisme.cat\\\/fr\\\/activitats\\\/geotok-la-huitieme-merveille\\\/#primaryimage\",\"url\":\"https:\\\/\\\/cardonaturisme.cat\\\/wp-content\\\/uploads\\\/2023\\\/10\\\/geotok-1.jpg\",\"contentUrl\":\"https:\\\/\\\/cardonaturisme.cat\\\/wp-content\\\/uploads\\\/2023\\\/10\\\/geotok-1.jpg\",\"width\":1000,\"height\":600},{\"@type\":\"BreadcrumbList\",\"@id\":\"https:\\\/\\\/cardonaturisme.cat\\\/fr\\\/activitats\\\/geotok-la-huitieme-merveille\\\/#breadcrumb\",\"itemListElement\":[{\"@type\":\"ListItem\",\"position\":1,\"name\":\"Inici\",\"item\":\"https:\\\/\\\/cardonaturisme.cat\\\/fr\\\/\"},{\"@type\":\"ListItem\",\"position\":2,\"name\":\"Activitats\",\"item\":\"https:\\\/\\\/cardonaturisme.cat\\\/fr\\\/activitats\\\/\"},{\"@type\":\"ListItem\",\"position\":3,\"name\":\"Geotok, la huiti\u00e8me merveille\"}]},{\"@type\":\"WebSite\",\"@id\":\"https:\\\/\\\/cardonaturisme.cat\\\/fr\\\/#website\",\"url\":\"https:\\\/\\\/cardonaturisme.cat\\\/fr\\\/\",\"name\":\"Cardona Turisme\",\"description\":\"La teva hist\u00f2ria\",\"publisher\":{\"@id\":\"https:\\\/\\\/cardonaturisme.cat\\\/fr\\\/#organization\"},\"potentialAction\":[{\"@type\":\"SearchAction\",\"target\":{\"@type\":\"EntryPoint\",\"urlTemplate\":\"https:\\\/\\\/cardonaturisme.cat\\\/fr\\\/?s={search_term_string}\"},\"query-input\":{\"@type\":\"PropertyValueSpecification\",\"valueRequired\":true,\"valueName\":\"search_term_string\"}}],\"inLanguage\":\"fr-FR\"},{\"@type\":\"Organization\",\"@id\":\"https:\\\/\\\/cardonaturisme.cat\\\/fr\\\/#organization\",\"name\":\"Cardona Turisme\",\"url\":\"https:\\\/\\\/cardonaturisme.cat\\\/fr\\\/\",\"logo\":{\"@type\":\"ImageObject\",\"inLanguage\":\"fr-FR\",\"@id\":\"https:\\\/\\\/cardonaturisme.cat\\\/fr\\\/#\\\/schema\\\/logo\\\/image\\\/\",\"url\":\"https:\\\/\\\/cardonaturisme.cat\\\/wp-content\\\/uploads\\\/2023\\\/10\\\/logo-vermell-cardonaturisme.svg\",\"contentUrl\":\"https:\\\/\\\/cardonaturisme.cat\\\/wp-content\\\/uploads\\\/2023\\\/10\\\/logo-vermell-cardonaturisme.svg\",\"caption\":\"Cardona Turisme\"},\"image\":{\"@id\":\"https:\\\/\\\/cardonaturisme.cat\\\/fr\\\/#\\\/schema\\\/logo\\\/image\\\/\"},\"sameAs\":[\"https:\\\/\\\/www.facebook.com\\\/p\\\/Fundaci-Cardona-Histrica-100063704192069\\\/\",\"https:\\\/\\\/x.com\\\/cardonaturisme\"]}]}<\/script>\n<!-- \/ Yoast SEO plugin. -->","yoast_head_json":{"title":"Geotok, la huiti\u00e8me merveille - Cardona Turisme","description":"Rejoignez un groupe de g\u00e9ologues TikTokers pour une visite th\u00e9\u00e2tralis\u00e9e et ludique de la Montagne de Sel, sp\u00e9cialement con\u00e7ue pour les familles.","robots":{"index":"index","follow":"follow","max-snippet":"max-snippet:-1","max-image-preview":"max-image-preview:large","max-video-preview":"max-video-preview:-1"},"canonical":"https:\/\/cardonaturisme.cat\/fr\/activitats\/geotok-la-huitieme-merveille\/","og_locale":"fr_FR","og_type":"article","og_title":"Geotok, la huiti\u00e8me merveille - Cardona Turisme","og_description":"Rejoignez un groupe de g\u00e9ologues TikTokers pour une visite th\u00e9\u00e2tralis\u00e9e et ludique de la Montagne de Sel, sp\u00e9cialement con\u00e7ue pour les familles.","og_url":"https:\/\/cardonaturisme.cat\/fr\/activitats\/geotok-la-huitieme-merveille\/","og_site_name":"Cardona Turisme","article_publisher":"https:\/\/www.facebook.com\/p\/Fundaci-Cardona-Histrica-100063704192069\/","article_modified_time":"2025-06-30T14:50:07+00:00","og_image":[{"width":1000,"height":600,"url":"https:\/\/cardonaturisme.cat\/wp-content\/uploads\/2023\/10\/geotok-1.jpg","type":"image\/jpeg"}],"twitter_card":"summary_large_image","twitter_site":"@cardonaturisme","twitter_misc":{"Dur\u00e9e de lecture estim\u00e9e":"3 minutes"},"schema":{"@context":"https:\/\/schema.org","@graph":[{"@type":"WebPage","@id":"https:\/\/cardonaturisme.cat\/fr\/activitats\/geotok-la-huitieme-merveille\/","url":"https:\/\/cardonaturisme.cat\/fr\/activitats\/geotok-la-huitieme-merveille\/","name":"Geotok, la huiti\u00e8me merveille - Cardona Turisme","isPartOf":{"@id":"https:\/\/cardonaturisme.cat\/fr\/#website"},"primaryImageOfPage":{"@id":"https:\/\/cardonaturisme.cat\/fr\/activitats\/geotok-la-huitieme-merveille\/#primaryimage"},"image":{"@id":"https:\/\/cardonaturisme.cat\/fr\/activitats\/geotok-la-huitieme-merveille\/#primaryimage"},"thumbnailUrl":"https:\/\/cardonaturisme.cat\/wp-content\/uploads\/2023\/10\/geotok-1.jpg","datePublished":"2023-10-20T11:17:57+00:00","dateModified":"2025-06-30T14:50:07+00:00","description":"Rejoignez un groupe de g\u00e9ologues TikTokers pour une visite th\u00e9\u00e2tralis\u00e9e et ludique de la Montagne de Sel, sp\u00e9cialement con\u00e7ue pour les familles.","breadcrumb":{"@id":"https:\/\/cardonaturisme.cat\/fr\/activitats\/geotok-la-huitieme-merveille\/#breadcrumb"},"inLanguage":"fr-FR","potentialAction":[{"@type":"ReadAction","target":["https:\/\/cardonaturisme.cat\/fr\/activitats\/geotok-la-huitieme-merveille\/"]}]},{"@type":"ImageObject","inLanguage":"fr-FR","@id":"https:\/\/cardonaturisme.cat\/fr\/activitats\/geotok-la-huitieme-merveille\/#primaryimage","url":"https:\/\/cardonaturisme.cat\/wp-content\/uploads\/2023\/10\/geotok-1.jpg","contentUrl":"https:\/\/cardonaturisme.cat\/wp-content\/uploads\/2023\/10\/geotok-1.jpg","width":1000,"height":600},{"@type":"BreadcrumbList","@id":"https:\/\/cardonaturisme.cat\/fr\/activitats\/geotok-la-huitieme-merveille\/#breadcrumb","itemListElement":[{"@type":"ListItem","position":1,"name":"Inici","item":"https:\/\/cardonaturisme.cat\/fr\/"},{"@type":"ListItem","position":2,"name":"Activitats","item":"https:\/\/cardonaturisme.cat\/fr\/activitats\/"},{"@type":"ListItem","position":3,"name":"Geotok, la huiti\u00e8me merveille"}]},{"@type":"WebSite","@id":"https:\/\/cardonaturisme.cat\/fr\/#website","url":"https:\/\/cardonaturisme.cat\/fr\/","name":"Cardona Turisme","description":"La teva hist\u00f2ria","publisher":{"@id":"https:\/\/cardonaturisme.cat\/fr\/#organization"},"potentialAction":[{"@type":"SearchAction","target":{"@type":"EntryPoint","urlTemplate":"https:\/\/cardonaturisme.cat\/fr\/?s={search_term_string}"},"query-input":{"@type":"PropertyValueSpecification","valueRequired":true,"valueName":"search_term_string"}}],"inLanguage":"fr-FR"},{"@type":"Organization","@id":"https:\/\/cardonaturisme.cat\/fr\/#organization","name":"Cardona Turisme","url":"https:\/\/cardonaturisme.cat\/fr\/","logo":{"@type":"ImageObject","inLanguage":"fr-FR","@id":"https:\/\/cardonaturisme.cat\/fr\/#\/schema\/logo\/image\/","url":"https:\/\/cardonaturisme.cat\/wp-content\/uploads\/2023\/10\/logo-vermell-cardonaturisme.svg","contentUrl":"https:\/\/cardonaturisme.cat\/wp-content\/uploads\/2023\/10\/logo-vermell-cardonaturisme.svg","caption":"Cardona Turisme"},"image":{"@id":"https:\/\/cardonaturisme.cat\/fr\/#\/schema\/logo\/image\/"},"sameAs":["https:\/\/www.facebook.com\/p\/Fundaci-Cardona-Histrica-100063704192069\/","https:\/\/x.com\/cardonaturisme"]}]}},"_links":{"self":[{"href":"https:\/\/cardonaturisme.cat\/fr\/wp-json\/wp\/v2\/activitats\/16554","targetHints":{"allow":["GET"]}}],"collection":[{"href":"https:\/\/cardonaturisme.cat\/fr\/wp-json\/wp\/v2\/activitats"}],"about":[{"href":"https:\/\/cardonaturisme.cat\/fr\/wp-json\/wp\/v2\/types\/activitats"}],"wp:featuredmedia":[{"embeddable":true,"href":"https:\/\/cardonaturisme.cat\/fr\/wp-json\/wp\/v2\/media\/2743"}],"wp:attachment":[{"href":"https:\/\/cardonaturisme.cat\/fr\/wp-json\/wp\/v2\/media?parent=16554"}],"wp:term":[{"taxonomy":"public-categoria","embeddable":true,"href":"https:\/\/cardonaturisme.cat\/fr\/wp-json\/wp\/v2\/public-categoria?post=16554"},{"taxonomy":"visitant","embeddable":true,"href":"https:\/\/cardonaturisme.cat\/fr\/wp-json\/wp\/v2\/visitant?post=16554"}],"curies":[{"name":"wp","href":"https:\/\/api.w.org\/{rel}","templated":true}]}}