{"id":17666,"date":"2024-10-21T20:09:28","date_gmt":"2024-10-21T18:09:28","guid":{"rendered":"https:\/\/cardonaturisme.cat\/?post_type=fires_festes&#038;p=17666"},"modified":"2025-09-09T12:38:05","modified_gmt":"2025-09-09T10:38:05","slug":"fiesta-mayor-de-cardona","status":"publish","type":"fires_festes","link":"https:\/\/cardonaturisme.cat\/es\/fires_festes\/fiesta-mayor-de-cardona\/","title":{"rendered":"Fiesta Mayor de Cardona"},"content":{"rendered":"\n<p>La Fiesta Mayor constituye el patrimonio festivo m\u00e1s importante de la villa desde el 1674 cuando en Cardona se celebr\u00f3 la primera fiesta bajo la advocaci\u00f3n de la&nbsp;<strong>Virgen del Patrocinio<\/strong>, patrona de la poblaci\u00f3n.<\/p>\n\n\n\n<p>Hoy, estos tres siglos de historia se entrelazan y se fusionan en un programa de actos que se ha ido enriqueciendo y transformando en funci\u00f3n de los tiempos y sus circunstancias. La Fiesta Mayor, en su doble vertiente religiosa y c\u00edvica, incluye actos y eventos de tradici\u00f3n centenaria. As\u00ed, dentro de las fiestas religiosas, destacan el traslado y procesi\u00f3n de la Virgen Peque\u00f1a con el Ball de Bastons, los oficios y la procesi\u00f3n solemnes.<\/p>\n\n\n\n<p>La fiesta c\u00edvica tiene como elemento m\u00e1s representativo el corre de bou en la plaza de la Feria, con el ayuntamiento como tel\u00f3n de fondo.<\/p>\n\n\n\n<p>Tres siglos despu\u00e9s de su nacimiento, la Fiesta Mayor de Cardona se ha enriquecido con la incorporaci\u00f3n de multitud de actos deportivos, teatro, m\u00fasica o cine, convirti\u00e9ndose en un mosaico de elementos festivos que invitan a conocerla y a disfrutarla.<\/p>\n\n\n\n<p><\/p>\n\n\n\n<h4 class=\"wp-block-heading\">Programa 2025<\/h4>\n\n\n\n<h5 class=\"wp-block-heading\"><a href=\"https:\/\/www.cardona.cat\/festamajor\" target=\"_blank\" rel=\"noreferrer noopener\">Consultad aqu\u00ed el programa de la Fiesta Mayor 202<\/a><a href=\"https:\/\/www.cardona.cat\/festamajor\">5<\/a><\/h5>\n\n\n\n<p><\/p>\n\n\n\n<h4 class=\"wp-block-heading\">Calendario festivo<\/h4>\n\n\n\n<p>Del 7 al 12 de septiembre es la Semana de la Juventud<\/p>\n\n\n\n<p>Del 13 al 16 de septiembre es la Fiesta Mayor.<\/p>\n\n\n\n<p>Del 18 al 20 de septiembre \u00e9s&nbsp;&nbsp;<em>\u00abl\u2019Aplec Cultural del 18 de setembre \u00ab<\/em><\/p>\n\n\n\n<figure class=\"wp-block-embed is-type-video is-provider-youtube wp-block-embed-youtube wp-embed-aspect-16-9 wp-has-aspect-ratio\"><div class=\"wp-block-embed__wrapper\">\n<iframe title=\"\u00c0liga Cardona - Festa Major 2016\" width=\"800\" height=\"450\" src=\"https:\/\/www.youtube.com\/embed\/oHSqBp7PV-Y?feature=oembed\" frameborder=\"0\" allow=\"accelerometer; autoplay; clipboard-write; encrypted-media; gyroscope; picture-in-picture; web-share\" referrerpolicy=\"strict-origin-when-cross-origin\" allowfullscreen><\/iframe>\n<\/div><\/figure>\n","protected":false},"featured_media":18561,"parent":0,"menu_order":0,"template":"","class_list":["post-17666","fires_festes","type-fires_festes","status-publish","has-post-thumbnail","hentry"],"acf":[],"yoast_head":"<!-- This site is optimized with the Yoast SEO plugin v27.4 - https:\/\/yoast.com\/product\/yoast-seo-wordpress\/ -->\n<title>Fiesta Mayor de Cardona - Cardona Turisme<\/title>\n<meta name=\"robots\" content=\"index, follow, max-snippet:-1, max-image-preview:large, max-video-preview:-1\" \/>\n<link rel=\"canonical\" href=\"https:\/\/cardonaturisme.cat\/es\/fires_festes\/fiesta-mayor-de-cardona\/\" \/>\n<meta property=\"og:locale\" content=\"es_ES\" \/>\n<meta property=\"og:type\" content=\"article\" \/>\n<meta property=\"og:title\" content=\"Fiesta Mayor de Cardona - Cardona Turisme\" \/>\n<meta property=\"og:description\" content=\"La Fiesta Mayor constituye el patrimonio festivo m\u00e1s importante de la villa desde el 1674 cuando en Cardona se celebr\u00f3 la primera fiesta bajo la advocaci\u00f3n de la&nbsp;Virgen del Patrocinio, patrona de la poblaci\u00f3n. Hoy, estos tres siglos de historia se entrelazan y se fusionan en un programa de actos que se ha ido enriqueciendo [&hellip;]\" \/>\n<meta property=\"og:url\" content=\"https:\/\/cardonaturisme.cat\/es\/fires_festes\/fiesta-mayor-de-cardona\/\" \/>\n<meta property=\"og:site_name\" content=\"Cardona Turisme\" \/>\n<meta property=\"article:publisher\" content=\"https:\/\/www.facebook.com\/p\/Fundaci-Cardona-Histrica-100063704192069\/\" \/>\n<meta property=\"article:modified_time\" content=\"2025-09-09T10:38:05+00:00\" \/>\n<meta property=\"og:image\" content=\"https:\/\/cardonaturisme.cat\/wp-content\/uploads\/2024\/10\/Dissabte-Corre-de-bou_094-scaled.jpg\" \/>\n\t<meta property=\"og:image:width\" content=\"2560\" \/>\n\t<meta property=\"og:image:height\" content=\"1707\" \/>\n\t<meta property=\"og:image:type\" content=\"image\/jpeg\" \/>\n<meta name=\"twitter:card\" content=\"summary_large_image\" \/>\n<meta name=\"twitter:site\" content=\"@cardonaturisme\" \/>\n<meta name=\"twitter:label1\" content=\"Tiempo de lectura\" \/>\n\t<meta name=\"twitter:data1\" content=\"2 minutos\" \/>\n<script type=\"application\/ld+json\" class=\"yoast-schema-graph\">{\"@context\":\"https:\\\/\\\/schema.org\",\"@graph\":[{\"@type\":\"WebPage\",\"@id\":\"https:\\\/\\\/cardonaturisme.cat\\\/es\\\/fires_festes\\\/fiesta-mayor-de-cardona\\\/\",\"url\":\"https:\\\/\\\/cardonaturisme.cat\\\/es\\\/fires_festes\\\/fiesta-mayor-de-cardona\\\/\",\"name\":\"Fiesta Mayor de Cardona - Cardona Turisme\",\"isPartOf\":{\"@id\":\"https:\\\/\\\/cardonaturisme.cat\\\/es\\\/#website\"},\"primaryImageOfPage\":{\"@id\":\"https:\\\/\\\/cardonaturisme.cat\\\/es\\\/fires_festes\\\/fiesta-mayor-de-cardona\\\/#primaryimage\"},\"image\":{\"@id\":\"https:\\\/\\\/cardonaturisme.cat\\\/es\\\/fires_festes\\\/fiesta-mayor-de-cardona\\\/#primaryimage\"},\"thumbnailUrl\":\"https:\\\/\\\/cardonaturisme.cat\\\/wp-content\\\/uploads\\\/2024\\\/10\\\/Dissabte-Corre-de-bou_094-scaled.jpg\",\"datePublished\":\"2024-10-21T18:09:28+00:00\",\"dateModified\":\"2025-09-09T10:38:05+00:00\",\"breadcrumb\":{\"@id\":\"https:\\\/\\\/cardonaturisme.cat\\\/es\\\/fires_festes\\\/fiesta-mayor-de-cardona\\\/#breadcrumb\"},\"inLanguage\":\"es\",\"potentialAction\":[{\"@type\":\"ReadAction\",\"target\":[\"https:\\\/\\\/cardonaturisme.cat\\\/es\\\/fires_festes\\\/fiesta-mayor-de-cardona\\\/\"]}]},{\"@type\":\"ImageObject\",\"inLanguage\":\"es\",\"@id\":\"https:\\\/\\\/cardonaturisme.cat\\\/es\\\/fires_festes\\\/fiesta-mayor-de-cardona\\\/#primaryimage\",\"url\":\"https:\\\/\\\/cardonaturisme.cat\\\/wp-content\\\/uploads\\\/2024\\\/10\\\/Dissabte-Corre-de-bou_094-scaled.jpg\",\"contentUrl\":\"https:\\\/\\\/cardonaturisme.cat\\\/wp-content\\\/uploads\\\/2024\\\/10\\\/Dissabte-Corre-de-bou_094-scaled.jpg\",\"width\":2560,\"height\":1707},{\"@type\":\"BreadcrumbList\",\"@id\":\"https:\\\/\\\/cardonaturisme.cat\\\/es\\\/fires_festes\\\/fiesta-mayor-de-cardona\\\/#breadcrumb\",\"itemListElement\":[{\"@type\":\"ListItem\",\"position\":1,\"name\":\"Inici\",\"item\":\"https:\\\/\\\/cardonaturisme.cat\\\/es\\\/\"},{\"@type\":\"ListItem\",\"position\":2,\"name\":\"Fires i Festes\",\"item\":\"https:\\\/\\\/cardonaturisme.cat\\\/es\\\/fires_festes\\\/\"},{\"@type\":\"ListItem\",\"position\":3,\"name\":\"Fiesta Mayor de Cardona\"}]},{\"@type\":\"WebSite\",\"@id\":\"https:\\\/\\\/cardonaturisme.cat\\\/es\\\/#website\",\"url\":\"https:\\\/\\\/cardonaturisme.cat\\\/es\\\/\",\"name\":\"Cardona Turisme\",\"description\":\"La teva hist\u00f2ria\",\"publisher\":{\"@id\":\"https:\\\/\\\/cardonaturisme.cat\\\/es\\\/#organization\"},\"potentialAction\":[{\"@type\":\"SearchAction\",\"target\":{\"@type\":\"EntryPoint\",\"urlTemplate\":\"https:\\\/\\\/cardonaturisme.cat\\\/es\\\/?s={search_term_string}\"},\"query-input\":{\"@type\":\"PropertyValueSpecification\",\"valueRequired\":true,\"valueName\":\"search_term_string\"}}],\"inLanguage\":\"es\"},{\"@type\":\"Organization\",\"@id\":\"https:\\\/\\\/cardonaturisme.cat\\\/es\\\/#organization\",\"name\":\"Cardona Turisme\",\"url\":\"https:\\\/\\\/cardonaturisme.cat\\\/es\\\/\",\"logo\":{\"@type\":\"ImageObject\",\"inLanguage\":\"es\",\"@id\":\"https:\\\/\\\/cardonaturisme.cat\\\/es\\\/#\\\/schema\\\/logo\\\/image\\\/\",\"url\":\"https:\\\/\\\/cardonaturisme.cat\\\/wp-content\\\/uploads\\\/2023\\\/10\\\/logo-vermell-cardonaturisme.svg\",\"contentUrl\":\"https:\\\/\\\/cardonaturisme.cat\\\/wp-content\\\/uploads\\\/2023\\\/10\\\/logo-vermell-cardonaturisme.svg\",\"caption\":\"Cardona Turisme\"},\"image\":{\"@id\":\"https:\\\/\\\/cardonaturisme.cat\\\/es\\\/#\\\/schema\\\/logo\\\/image\\\/\"},\"sameAs\":[\"https:\\\/\\\/www.facebook.com\\\/p\\\/Fundaci-Cardona-Histrica-100063704192069\\\/\",\"https:\\\/\\\/x.com\\\/cardonaturisme\"]}]}<\/script>\n<!-- \/ Yoast SEO plugin. -->","yoast_head_json":{"title":"Fiesta Mayor de Cardona - Cardona Turisme","robots":{"index":"index","follow":"follow","max-snippet":"max-snippet:-1","max-image-preview":"max-image-preview:large","max-video-preview":"max-video-preview:-1"},"canonical":"https:\/\/cardonaturisme.cat\/es\/fires_festes\/fiesta-mayor-de-cardona\/","og_locale":"es_ES","og_type":"article","og_title":"Fiesta Mayor de Cardona - Cardona Turisme","og_description":"La Fiesta Mayor constituye el patrimonio festivo m\u00e1s importante de la villa desde el 1674 cuando en Cardona se celebr\u00f3 la primera fiesta bajo la advocaci\u00f3n de la&nbsp;Virgen del Patrocinio, patrona de la poblaci\u00f3n. Hoy, estos tres siglos de historia se entrelazan y se fusionan en un programa de actos que se ha ido enriqueciendo [&hellip;]","og_url":"https:\/\/cardonaturisme.cat\/es\/fires_festes\/fiesta-mayor-de-cardona\/","og_site_name":"Cardona Turisme","article_publisher":"https:\/\/www.facebook.com\/p\/Fundaci-Cardona-Histrica-100063704192069\/","article_modified_time":"2025-09-09T10:38:05+00:00","og_image":[{"width":2560,"height":1707,"url":"https:\/\/cardonaturisme.cat\/wp-content\/uploads\/2024\/10\/Dissabte-Corre-de-bou_094-scaled.jpg","type":"image\/jpeg"}],"twitter_card":"summary_large_image","twitter_site":"@cardonaturisme","twitter_misc":{"Tiempo de lectura":"2 minutos"},"schema":{"@context":"https:\/\/schema.org","@graph":[{"@type":"WebPage","@id":"https:\/\/cardonaturisme.cat\/es\/fires_festes\/fiesta-mayor-de-cardona\/","url":"https:\/\/cardonaturisme.cat\/es\/fires_festes\/fiesta-mayor-de-cardona\/","name":"Fiesta Mayor de Cardona - Cardona Turisme","isPartOf":{"@id":"https:\/\/cardonaturisme.cat\/es\/#website"},"primaryImageOfPage":{"@id":"https:\/\/cardonaturisme.cat\/es\/fires_festes\/fiesta-mayor-de-cardona\/#primaryimage"},"image":{"@id":"https:\/\/cardonaturisme.cat\/es\/fires_festes\/fiesta-mayor-de-cardona\/#primaryimage"},"thumbnailUrl":"https:\/\/cardonaturisme.cat\/wp-content\/uploads\/2024\/10\/Dissabte-Corre-de-bou_094-scaled.jpg","datePublished":"2024-10-21T18:09:28+00:00","dateModified":"2025-09-09T10:38:05+00:00","breadcrumb":{"@id":"https:\/\/cardonaturisme.cat\/es\/fires_festes\/fiesta-mayor-de-cardona\/#breadcrumb"},"inLanguage":"es","potentialAction":[{"@type":"ReadAction","target":["https:\/\/cardonaturisme.cat\/es\/fires_festes\/fiesta-mayor-de-cardona\/"]}]},{"@type":"ImageObject","inLanguage":"es","@id":"https:\/\/cardonaturisme.cat\/es\/fires_festes\/fiesta-mayor-de-cardona\/#primaryimage","url":"https:\/\/cardonaturisme.cat\/wp-content\/uploads\/2024\/10\/Dissabte-Corre-de-bou_094-scaled.jpg","contentUrl":"https:\/\/cardonaturisme.cat\/wp-content\/uploads\/2024\/10\/Dissabte-Corre-de-bou_094-scaled.jpg","width":2560,"height":1707},{"@type":"BreadcrumbList","@id":"https:\/\/cardonaturisme.cat\/es\/fires_festes\/fiesta-mayor-de-cardona\/#breadcrumb","itemListElement":[{"@type":"ListItem","position":1,"name":"Inici","item":"https:\/\/cardonaturisme.cat\/es\/"},{"@type":"ListItem","position":2,"name":"Fires i Festes","item":"https:\/\/cardonaturisme.cat\/es\/fires_festes\/"},{"@type":"ListItem","position":3,"name":"Fiesta Mayor de Cardona"}]},{"@type":"WebSite","@id":"https:\/\/cardonaturisme.cat\/es\/#website","url":"https:\/\/cardonaturisme.cat\/es\/","name":"Cardona Turisme","description":"La teva hist\u00f2ria","publisher":{"@id":"https:\/\/cardonaturisme.cat\/es\/#organization"},"potentialAction":[{"@type":"SearchAction","target":{"@type":"EntryPoint","urlTemplate":"https:\/\/cardonaturisme.cat\/es\/?s={search_term_string}"},"query-input":{"@type":"PropertyValueSpecification","valueRequired":true,"valueName":"search_term_string"}}],"inLanguage":"es"},{"@type":"Organization","@id":"https:\/\/cardonaturisme.cat\/es\/#organization","name":"Cardona Turisme","url":"https:\/\/cardonaturisme.cat\/es\/","logo":{"@type":"ImageObject","inLanguage":"es","@id":"https:\/\/cardonaturisme.cat\/es\/#\/schema\/logo\/image\/","url":"https:\/\/cardonaturisme.cat\/wp-content\/uploads\/2023\/10\/logo-vermell-cardonaturisme.svg","contentUrl":"https:\/\/cardonaturisme.cat\/wp-content\/uploads\/2023\/10\/logo-vermell-cardonaturisme.svg","caption":"Cardona Turisme"},"image":{"@id":"https:\/\/cardonaturisme.cat\/es\/#\/schema\/logo\/image\/"},"sameAs":["https:\/\/www.facebook.com\/p\/Fundaci-Cardona-Histrica-100063704192069\/","https:\/\/x.com\/cardonaturisme"]}]}},"_links":{"self":[{"href":"https:\/\/cardonaturisme.cat\/es\/wp-json\/wp\/v2\/fires_festes\/17666","targetHints":{"allow":["GET"]}}],"collection":[{"href":"https:\/\/cardonaturisme.cat\/es\/wp-json\/wp\/v2\/fires_festes"}],"about":[{"href":"https:\/\/cardonaturisme.cat\/es\/wp-json\/wp\/v2\/types\/fires_festes"}],"wp:featuredmedia":[{"embeddable":true,"href":"https:\/\/cardonaturisme.cat\/es\/wp-json\/wp\/v2\/media\/18561"}],"wp:attachment":[{"href":"https:\/\/cardonaturisme.cat\/es\/wp-json\/wp\/v2\/media?parent=17666"}],"curies":[{"name":"wp","href":"https:\/\/api.w.org\/{rel}","templated":true}]}}